{"id":123,"date":"2016-12-13T18:12:28","date_gmt":"2016-12-13T17:12:28","guid":{"rendered":"http:\/\/arbresvenerables.arborethic.com\/blog\/?page_id=123"},"modified":"2016-12-13T21:47:21","modified_gmt":"2016-12-13T20:47:21","slug":"articles-de-presse","status":"publish","type":"page","link":"https:\/\/arbresvenerables.arborethic.com\/blog\/index.php\/qui-est-jerome-hutin\/articles-de-presse\/","title":{"rendered":"Articles de presse"},"content":{"rendered":"<p>En 2013<\/p>\n<p><a href=\"http:\/\/arbresvenerables.arborethic.com\/Dossier_Presse\/dossier_presse\/lamontagne_14_2_2013002.jpg\" target=\"http:\/\/arbresvenerables.arborethic.com\/Dossier_Presse\/dossier_presse\/lamontagne_14_2_2013002.jpg\"><img decoding=\"async\" loading=\"lazy\" class=\"aligncenter\" src=\"http:\/\/arbresvenerables.arborethic.com\/Dossier_Presse\/dossier_presse\/lamontagne_14_2_2013_002web.jpg\" alt=\"\" width=\"588\" height=\"588\" align=\"middle\" border=\"2\" hspace=\"5\" vspace=\"5\" \/><\/a><\/p>\n<p class=\"Style7\" style=\"text-align: left;\" align=\"center\"><strong>EN 2012<\/strong><\/p>\n<p class=\"MsoNormal\" style=\"line-height: normal; text-align: left;\"><span style=\"font-family: 'Times New Roman','serif'; font-size: 12.0pt;\">\u00a0<img decoding=\"async\" loading=\"lazy\" class=\"size-full wp-image-124 aligncenter\" src=\"http:\/\/arbresvenerables.arborethic.com\/blog\/wp-content\/uploads\/2016\/12\/reussirperigordlogo.jpg\" alt=\"\" width=\"290\" height=\"96\" \/><\/span><\/p>\n<p class=\"MsoNormal\" style=\"line-height: normal;\"><img decoding=\"async\" loading=\"lazy\" class=\"alignleft wp-image-125 size-full\" src=\"http:\/\/arbresvenerables.arborethic.com\/blog\/wp-content\/uploads\/2016\/12\/ArticlesPresse_clip_image001.jpg\" width=\"292\" height=\"190\" \/><\/p>\n<p class=\"MsoNormal\" style=\"text-align: justify; line-height: normal;\"><span style=\"font-family: 'Times New Roman','serif'; font-size: 14.0pt; color: green;\">J\u00e9r\u00f4me Hutin, photographe-explorateur, est le vice-pr\u00e9sident de l\u2019association Mathusalem qui a pour objet le recensement des plus vieux arbres de Dordogne. Tout le monde peut y participer.<\/span><\/p>\n<p class=\"MsoNormal\" style=\"text-align: justify; line-height: normal;\"><strong><span style=\"font-family: 'Times New Roman','serif'; font-size: 36.0pt;\">Pour le respect des arbres<\/span><\/strong><\/p>\n<figure id=\"attachment_126\" aria-describedby=\"caption-attachment-126\" style=\"width: 545px\" class=\"wp-caption alignleft\"><img decoding=\"async\" loading=\"lazy\" class=\"wp-image-126 size-full\" src=\"http:\/\/arbresvenerables.arborethic.com\/blog\/wp-content\/uploads\/2016\/12\/ArticlesPresse_clip_image002_0001.jpg\" width=\"545\" height=\"232\" srcset=\"https:\/\/arbresvenerables.arborethic.com\/blog\/wp-content\/uploads\/2016\/12\/ArticlesPresse_clip_image002_0001.jpg 545w, https:\/\/arbresvenerables.arborethic.com\/blog\/wp-content\/uploads\/2016\/12\/ArticlesPresse_clip_image002_0001-300x128.jpg 300w\" sizes=\"(max-width: 545px) 100vw, 545px\" \/><figcaption id=\"caption-attachment-126\" class=\"wp-caption-text\">(le charme de la photo du milieu, \u00e9tait derri\u00e8re la billetterie des Jardins de l&rsquo;Imaginaire de Terrasson! il a \u00e9t\u00e9 abattu au m\u00eame moment de la publication de cet article ! creux il \u00e9tait mais pas dangereux !)<\/figcaption><\/figure>\n<p class=\"MsoNormal Style348 Style349\" style=\"text-align: justify; line-height: normal;\"><strong><span style=\"font-family: 'Times New Roman','serif'; font-size: 36.0pt;\">\u00a0<\/span><\/strong>L&rsquo;arbre de gauche est un gros marronnier juste en dessous des Jardins de l&rsquo;Imaginaire de Terrasson et la photo de droite, c&rsquo;est un beau ch\u00eane \u00e0 Jaf, pr\u00e8s de Gr\u00e8zes.<\/p>\n<p class=\"MsoNormal\" style=\"text-align: justify; line-height: normal;\"><span style=\"font-family: 'Times New Roman','serif'; font-size: 12.0pt;\">C\u2019est une belle et longue histoire que r\u00e9sument deux mots : libert\u00e9 et respect. En 1989, pour le bicentenaire de la R\u00e9volution fran\u00e7aise, Jean-Ren\u00e9 Bousquet d\u00e9cide de r\u00e9pertorier les arbres qui ont v\u00e9cu cette page essentielle de notre histoire, les Arbres de la Libert\u00e9. Impressionn\u00e9 par ces forces de la nature qui ont brav\u00e9 le temps et les temps, ce passionn\u00e9 lance avec quelques autres, dont le tout jeune photographe J\u00e9r\u00f4me Hutin, l\u2019op\u00e9ration Mathusalem, soit le recensement des plus vieux arbres de Dordogne parce que l\u2019on dit \u201cvieux comme Mathusalem\u201d. \u00c0 l\u2019\u00e9poque, ce sont quelque 900 arbres qui ont \u00e9t\u00e9 recens\u00e9s dont plus de 200 bicentenaires. Si on trouvait majoritairement des ch\u00eanes et des ch\u00e2taigniers, 23 essences ont \u00e9t\u00e9 r\u00e9pertori\u00e9es et le plus vieil arbre est un if de pr\u00e8s de mille ans qui vit toujours \u00e0 Bertric-Bur\u00e9e.<\/span><\/p>\n<p><strong>Relancer l\u2019association<\/strong><br \/>\nDe cette libert\u00e9 symbolis\u00e9e par un arbre, les initiateurs de ce projet sont pass\u00e9s au respect profond que suscitent ces remarquables. C\u2019est dans cet esprit qu\u2019est n\u00e9e l\u2019association Mathusalem. Apr\u00e8s le d\u00e9c\u00e8s du pr\u00e9sident-fondateur Jean-Ren\u00e9 Bousquet, J\u00e9r\u00f4me Hutin en a la responsabilit\u00e9 en tant que vice-pr\u00e9sident depuis 2011. \u00ab Je souhaiterais relancer le recensement de tous nos vieux arbres pour en assurer la pr\u00e9servation. \u00bb L\u2019association \u00e9tait plus ou moins en sommeil et le photographe terrassonnais entend bien la relancer.<br \/>\nAu cours d\u2019une balade, d\u2019un s\u00e9jour, d\u2019un simple pique-nique, tout un chacun est amen\u00e9 \u00e0 voir un bel arbre dont la circonf\u00e9rence impressionnera, dont la ramure offrira une ombre de bon aloi en \u00e9t\u00e9, dont l\u2019\u00e9corce ravira les paumes des mains&#8230; \u00ab Les arbres appartiennent \u00e0 notre patrimoine au m\u00eame titre que l\u2019occitan ou les ch\u00e2teaux. Ils sont des rep\u00e8res paysagers tout autant que des rep\u00e8res historiques. Et il ne faut jamais oublier que, sans les arbres, ce sont les d\u00e9serts qui s\u2019installent, \u00bb s\u2019alarme J\u00e9r\u00f4me Hutin. Le vice-pr\u00e9sident esp\u00e8re le soutien de tous ceux qui sont sensibles aux vieux arbres, de ceux pour qui un arbre, m\u00eame en ville, se respecte.<\/p>\n<p><em>Association Mathusalem &#8211; Syndicat des sylviculteurs \u2013P\u00f4le interconsulaire \u00e0 Coulounieix-Chamiers<\/em><\/p>\n<p><strong><span style=\"color: green;\"><img decoding=\"async\" loading=\"lazy\" class=\"size-full wp-image-127 aligncenter\" src=\"http:\/\/arbresvenerables.arborethic.com\/blog\/wp-content\/uploads\/2016\/12\/ArticlesPresse_clip_image004.jpg\" alt=\"\" width=\"596\" height=\"372\" srcset=\"https:\/\/arbresvenerables.arborethic.com\/blog\/wp-content\/uploads\/2016\/12\/ArticlesPresse_clip_image004.jpg 596w, https:\/\/arbresvenerables.arborethic.com\/blog\/wp-content\/uploads\/2016\/12\/ArticlesPresse_clip_image004-300x187.jpg 300w\" sizes=\"(max-width: 596px) 100vw, 596px\" \/><\/span><\/strong><\/p>\n<p class=\"MsoNormal\" style=\"text-align: justify; line-height: normal;\"><span style=\"font-family: 'Times New Roman','serif'; font-size: 12.0pt;\"><strong><span style=\"color: green;\">Les V\u00e9n\u00e9rables de la plan\u00e8te<\/span><\/strong><\/span><\/p>\n<p class=\"MsoNormal\" style=\"text-align: justify; line-height: normal;\"><span style=\"font-family: 'Times New Roman','serif'; font-size: 12.0pt;\"><br \/>\n<span style=\"color: green;\">Photographe-explorateur, J\u00e9r\u00f4me Hutin a parcouru le monde pour recenser ce qu\u2019il appelle \u201cLes arbres v\u00e9n\u00e9rables de la plan\u00e8te\u201d. Du pin Huon dont le syst\u00e8me racinaire est \u00e2g\u00e9 de plus de 10 500 ans au jeune olivier de Roquebrune de 2 000 ans, il a photographi\u00e9 des camphriers, des ginkgos biloba, des s\u00e9quoias, des thuyas, des cypr\u00e8s de 40 \u00e0 50 m de circonf\u00e9rence et bien d\u2019autres encore autour desquels sont n\u00e9s parfois des temples et autres lieux de m\u00e9ditation. Jusqu\u2019au 31\u2008ao\u00fbt, une exposition de ces clich\u00e9s est visible au Jardin de l\u2019imaginaire \u00e0 Terrasson.<\/span><\/span><\/p>\n<p><em>D\u00e8s 5 euros, les amoureux peuvent acqu\u00e9rir une carte postale d\u2019un des V\u00e9n\u00e9rables de J\u00e9r\u00f4me Hutin via sa boutique en ligne arborethic.com<\/em><\/p>\n<p class=\"MsoNormal\" style=\"text-align: justify; line-height: normal;\"><strong><span style=\"font-family: 'Times New Roman','serif'; font-size: 12.0pt;\">\u00a0<\/span><\/strong><\/p>\n<p>&nbsp;<\/p>\n<p>&nbsp;<\/p>\n<p>&nbsp;<\/p>\n<p class=\"MsoNormal\" style=\"line-height: normal;\"><strong><span style=\"font-family: 'Times New Roman','serif'; font-size: 24.0pt;\">Il d\u00e9fend les arbres <\/span><\/strong><\/p>\n<p class=\"MsoNormal\" style=\"line-height: normal;\"><img decoding=\"async\" loading=\"lazy\" class=\"size-full wp-image-128 alignleft\" src=\"http:\/\/arbresvenerables.arborethic.com\/blog\/wp-content\/uploads\/2016\/12\/ArticlesPresse_clip_image001.gif\" alt=\"\" width=\"65\" height=\"52\" \/> <img decoding=\"async\" loading=\"lazy\" class=\"size-large wp-image-129 alignleft\" src=\"http:\/\/arbresvenerables.arborethic.com\/blog\/wp-content\/uploads\/2016\/12\/ArticlesPresse_clip_image002_0000.jpg\" alt=\"\" width=\"460\" height=\"306\" srcset=\"https:\/\/arbresvenerables.arborethic.com\/blog\/wp-content\/uploads\/2016\/12\/ArticlesPresse_clip_image002_0000.jpg 460w, https:\/\/arbresvenerables.arborethic.com\/blog\/wp-content\/uploads\/2016\/12\/ArticlesPresse_clip_image002_0000-300x200.jpg 300w\" sizes=\"(max-width: 460px) 100vw, 460px\" \/><\/p>\n<p class=\"MsoNormal\" style=\"margin-bottom: .0001pt; line-height: normal;\"><span style=\"font-family: 'Times New Roman','serif'; font-size: 12.0pt;\">\u00a0<\/span><\/p>\n<p class=\"MsoNormal\" style=\"line-height: normal;\"><strong><span style=\"font-family: 'Times New Roman','serif'; font-size: 12.0pt;\">J\u00e9r\u00f4me Hutin pr\u00e9sente ses posters d&rsquo;arbres mill\u00e9naires aux Jardins de l&rsquo;imaginaire. (Photo D. W.)<\/span><\/strong><\/p>\n<p class=\"MsoNormal\" style=\"line-height: normal;\"><span style=\"font-family: 'Times New Roman','serif'; font-size: 12.0pt;\">La serre des Jardins de l&rsquo;imaginaire accueille, cette saison, deux expositions : les \u00e9pis de fa\u00eetage de Marie-Annick Lepetit (lire \u00ab Sud Ouest \u00bb du 30 mai) et les grandes photos d&rsquo;arbres v\u00e9n\u00e9rables de J\u00e9r\u00f4me Hutin. Ce photographe a explor\u00e9 le monde \u00e0 la recherche d&rsquo;arbres centenaires et mill\u00e9naires qui t\u00e9moignent de la force, mais aussi de la fragilit\u00e9, de la nature. Il poursuit depuis un combat pour le classement des arbres v\u00e9n\u00e9rables de la plan\u00e8te en tant que patrimoine mondial (1). Il d\u00e9veloppe aussi un commerce autour de ses photographies (posters encadr\u00e9s ou non, cartes, tee-shirts) , dans sa boutique 4, rue de la Libert\u00e9 et en ligne (http:\/\/arborethic.com). <\/span><\/p>\n<p class=\"MsoNormal\" style=\"margin-bottom: .0001pt; line-height: normal;\"><span style=\"font-family: 'Times New Roman','serif'; font-size: 12.0pt;\">Ouverture en continue <\/span><\/p>\n<p class=\"MsoNormal\" style=\"line-height: normal;\"><span style=\"font-family: 'Times New Roman','serif'; font-size: 12.0pt;\">Jusqu&rsquo;au 31 ao\u00fbt, les Jardins de l&rsquo;imaginaire sont ouverts tous les jours de 10 \u00e0 18 heures. Toutes les visites sont guid\u00e9es et le d\u00e9part s&rsquo;effectue \u00e0 la billetterie, place de Genouillac. Tarifs : 7,50 \u20ac ; 10 \u00e0 18 ans et \u00e9tudiants, 4,50 \u20ac ; enfants de moins de 10 ans accompagn\u00e9s, gratuit. Carte ambassadeur (r\u00e9serv\u00e9e aux habitants de la CdC du Terrassonnais), 6 euros ; carte saison (ouverte \u00e0 tous), 18,50 \u20ac. Contacts : Jardins, t\u00e9l. 05 53 50 86 82 ; site www.jardins-imaginaire.com ; office de tourisme de Terrasson, t\u00e9l. 05 53 50 37 56, site www.ot-terrasson.com. <\/span><\/p>\n<p class=\"MsoNormal\" style=\"line-height: normal;\"><span style=\"font-family: 'Times New Roman','serif'; font-size: 12.0pt;\">(1) http:\/\/arbresvenerables.fr.<\/span><\/p>\n<p class=\"MsoNormal\"><img decoding=\"async\" loading=\"lazy\" class=\"size-full wp-image-130 alignleft\" src=\"http:\/\/arbresvenerables.arborethic.com\/blog\/wp-content\/uploads\/2016\/12\/ArticlesPresse_clip_image004_0000.gif\" alt=\"\" width=\"302\" height=\"46\" \/><\/p>\n<p>&nbsp;<\/p>\n<p>&nbsp;<\/p>\n<p class=\"MsoNormal\" style=\"line-height: normal;\"><strong><span style=\"font-family: 'Times New Roman','serif'; font-size: 24.0pt;\"><img decoding=\"async\" loading=\"lazy\" class=\"size-full wp-image-131 alignleft\" src=\"http:\/\/arbresvenerables.arborethic.com\/blog\/wp-content\/uploads\/2016\/12\/ArticlesPresse_clip_image005.jpg\" alt=\"\" width=\"495\" height=\"325\" srcset=\"https:\/\/arbresvenerables.arborethic.com\/blog\/wp-content\/uploads\/2016\/12\/ArticlesPresse_clip_image005.jpg 495w, https:\/\/arbresvenerables.arborethic.com\/blog\/wp-content\/uploads\/2016\/12\/ArticlesPresse_clip_image005-300x197.jpg 300w\" sizes=\"(max-width: 495px) 100vw, 495px\" \/>Sur sa boutique en ligne J\u00e9r\u00f4me Hutin propose des impressions de ses clich\u00e9s de \u00ab v\u00e9n\u00e9rables \u00bb<\/span><\/strong><\/p>\n<p class=\"MsoNormal\" style=\"line-height: normal;\"><span style=\"font-family: 'Times New Roman','serif'; font-size: 12.0pt;\">Ce qualificatif souvent employ\u00e9 par l\u2019auteur, pour d\u00e9signer ses sujets, t\u00e9moigne bien du caract\u00e8re sacr\u00e9 qu\u2019il veut leur reconna\u00eetre? &#8211; Photo J\u00e9r\u00f4me hutin<\/span><\/p>\n<p class=\"MsoNormal\" style=\"margin-bottom: .0001pt; line-height: normal;\"><span style=\"font-family: 'Times New Roman','serif'; font-size: 12.0pt;\">Depuis plus de vingt ans, ce photographe de Terrasson recense les sp\u00e9cimens v\u00e9g\u00e9taux les plus vivaces et autres raret\u00e9s de la nature \u00e0 travers le monde et lutte pour leur protection.<\/span><\/p>\n<p class=\"MsoNormal\" style=\"line-height: normal;\"><span style=\"font-family: 'Times New Roman','serif'; font-size: 12.0pt;\">Certains, dix fois mill\u00e9naires, ont vu les civilisations se succ\u00e9der ; d&rsquo;autres rivalisent en taille avec les gratte-ciel des m\u00e9galopoles. Mais ni leurs allures de colosses ni leur m\u00e9moire mill\u00e9naire ne les prot\u00e8gent de l&rsquo;avidit\u00e9 sans pr\u00e9c\u00e9dent de l&rsquo;homme moderne et de la soif insatiable de ses industries.<\/span><\/p>\n<p class=\"MsoNormal\" style=\"line-height: normal;\"><span style=\"font-family: 'Times New Roman','serif'; font-size: 12.0pt;\">Lui sillonne le monde avec pour seule arme, son objectif en bandouli\u00e8re afin de les faire reconna\u00eetre non plus comme une ressource dont on dispose \u00e0 son gr\u00e9, mais comme un patrimoine qu&rsquo;on se doit de prot\u00e9ger, respecter et mettre en valeur.<\/span><\/p>\n<p class=\"MsoNormal\" style=\"margin-bottom: .0001pt; line-height: normal;\"><strong><span style=\"font-family: 'Times New Roman','serif'; font-size: 12.0pt;\">Lutte titanesque <\/span><\/strong><\/p>\n<p class=\"MsoNormal\" style=\"line-height: normal;\"><span style=\"font-family: 'Times New Roman','serif'; font-size: 12.0pt;\">\u00ab Eux \u00bb, ce sont les arbres du monde entier ; \u00ab lui \u00bb, c&rsquo;est J\u00e9r\u00f4me Hutin. Artiste par h\u00e9ritage, photographe par go\u00fbt, ce Vosgien de naissance, Terrassonnais d&rsquo;adoption, s&rsquo;est lanc\u00e9, voil\u00e0 maintenant pr\u00e8s de 20 ans, dans une lutte \u00e0 la Don Quichotte, tant les forces auxquelles il s&rsquo;oppose semblent d\u00e9mesur\u00e9es. Une aventure entam\u00e9e en France en 1989, pour l&rsquo;association Mathusalem Dordogne qui souhaitait alors recenser les \u00ab arbres de la libert\u00e9 \u00bb plant\u00e9s lors de la R\u00e9volution, et qui l&rsquo;aura men\u00e9, au fil des ans, aux quatre coins du globe. Des for\u00eats pluviales d&rsquo;Australie aux jardins zen du Levant en passant par les savanes africaines et leurs majestueux baobabs, il s&rsquo;est \u00e9vertu\u00e9 \u00e0 immortaliser ces g\u00e9ants et autres excentricit\u00e9s v\u00e9g\u00e9tales de la nature, avant que le bilan des disparus ne s&rsquo;alourdisse.<\/span><\/p>\n<p class=\"MsoNormal\" style=\"line-height: normal;\"><span style=\"font-family: 'Times New Roman','serif'; font-size: 12.0pt;\">Ses clich\u00e9s sous le bras, afin qu&rsquo;ils ne sombrent pas au rang d&rsquo;images d&rsquo;\u00c9pinal, il s&rsquo;\u00e9vertue depuis lors \u00e0 faire prendre conscience aux citoyens, politiques et industriels de la n\u00e9cessit\u00e9 d&rsquo;adopter une autre attitude \u00e0 l&rsquo;\u00e9gard de nos voisins v\u00e9g\u00e9taux.<\/span><\/p>\n<p class=\"MsoNormal\" style=\"margin-bottom: .0001pt; line-height: normal;\"><span style=\"font-family: 'Times New Roman','serif'; font-size: 12.0pt;\">Les garde-fous sont souvent contourn\u00e9s <\/span><\/p>\n<p class=\"MsoNormal\" style=\"line-height: normal;\"><span style=\"font-family: 'Times New Roman','serif'; font-size: 12.0pt;\">C&rsquo;est \u00e0 ce titre qu&rsquo;il lan\u00e7ait en 2000, depuis le S\u00e9n\u00e9gal, \u00e0 destination des repr\u00e9sentants de l&rsquo;UNESCO, un \u00ab appel des arbres v\u00e9n\u00e9rables \u00bb, soutenu par plusieurs scientifiques et personnalit\u00e9s, dont Alain Bougrain-Dubourg. Une interpellation visant \u00e0 faire reconna\u00eetre les sp\u00e9cimens les plus remarquables comme un patrimoine mondial.<\/span><\/p>\n<p class=\"MsoNormal\" style=\"line-height: normal;\"><span style=\"font-family: 'Times New Roman','serif'; font-size: 12.0pt;\">\u00ab En Chine et en Inde, o\u00f9 les moyens sont bien inf\u00e9rieurs, et malgr\u00e9 la course \u00e0 la croissance, le statut sacr\u00e9 de l&rsquo;arbre dans les mystiques locales a servi de base \u00e0 sa protection l\u00e9gale en tant que tr\u00e9sor national, pr\u00e9cise l&rsquo;int\u00e9ress\u00e9. Ici, non seulement les garde-fous sont moins nombreux, mais ils sont la plupart du temps contourn\u00e9s. On coupe, dans le m\u00e9pris des r\u00e8glements, des arbres pluricentenaires au motif que leurs feuilles encombrent les toits \u00bb.<\/span><\/p>\n<p class=\"MsoNormal\" style=\"line-height: normal;\"><span style=\"font-family: 'Times New Roman','serif'; font-size: 12.0pt;\">Reconnaissant le travail exemplaire de l&rsquo;Office national des for\u00eats pour s&rsquo;assurer d&rsquo;une bonne gestion du stock de for\u00eat sur le territoire, il d\u00e9plore que la logique productiviste prenne bien souvent le pas sur le souci de conservation.<\/span><\/p>\n<p class=\"MsoNormal\" style=\"margin-bottom: .0001pt; line-height: normal;\"><strong><span style=\"font-family: 'Times New Roman','serif'; font-size: 12.0pt;\">Une expo grandeur nature <\/span><\/strong><\/p>\n<p class=\"MsoNormal\" style=\"line-height: normal;\"><span style=\"font-family: 'Times New Roman','serif'; font-size: 12.0pt;\">Si son recueil de photos et de notes de voyages, Les Arbres v\u00e9n\u00e9rables, paru en 2003 chez Latt\u00e8s, n&rsquo;a pas encore \u00e9t\u00e9 r\u00e9\u00e9dit\u00e9, les curieux pourront toujours commander sur sa boutique en ligne, arborethic.com, les clich\u00e9s qui les ont marqu\u00e9s et d\u00e9couvrir les autres ouvrages plus sp\u00e9cifiques de sa bibliographie. <\/span><\/p>\n<p class=\"MsoNormal\" style=\"line-height: normal;\"><span style=\"font-family: 'Times New Roman','serif'; font-size: 12.0pt;\">Pour le moment, l&rsquo;artiste est en qu\u00eate de sites o\u00f9 exposer ses reproductions de photos d&rsquo;arbres sur des panneaux de grand format (jusqu&rsquo;\u00e0 sept m\u00e8tres sur quatre). Ils ont d\u00e9j\u00e0 sillonn\u00e9 la France avant d&rsquo;\u00eatre projet\u00e9 \u00e0 Gen\u00e8ve sur les fa\u00e7ades de monuments publics. <\/span><\/p>\n<p class=\"MsoNormal\" style=\"line-height: normal;\"><span style=\"font-family: 'Times New Roman','serif'; font-size: 12.0pt;\">Pratique. Ceux qui souhaitent visiter son atelier ou demander conseil \u00e0 ce fin connaisseur de la canop\u00e9e, que ce soit pour la sauvegarde d&rsquo;un arbre ou pour l&rsquo;organisation d&rsquo;une conf\u00e9rence, pourront le contacter au 06.19.77.28.08 ou directement chez lui, au 4, rue de la Libert\u00e9<br \/>\n\u00e0 Terrasson. <\/span><\/p>\n<p class=\"MsoNormal\" style=\"line-height: normal;\"><strong><span style=\"font-family: 'Times New Roman','serif'; font-size: 12.0pt;\">Julien Pages<\/span><\/strong><\/p>\n<p class=\"Style7\" style=\"text-align: left;\" align=\"center\"><strong>En 2011<\/strong><\/p>\n<p class=\"Style7\" align=\"center\"><a href=\"http:\/\/arbresvenerables.arborethic.com\/ArbresVenerables\/pdf\/ARTICLES PDF\" target=\"http:\/\/arbresvenerables.arborethic.com\/ArbresVenerables\/pdf\/ARTICLES PDF\">Dossier de presse de l&rsquo;exposition au Cellier (Loire Atlantique)<\/a><\/p>\n<table style=\"height: 26px;\" border=\"0\" width=\"141\" align=\"right\">\n<tbody>\n<tr>\n<td><\/td>\n<\/tr>\n<\/tbody>\n<\/table>\n<p class=\"Style326\" align=\"center\">En 2010<\/p>\n<p class=\"Style326\" align=\"center\">Lors du festival international de G\u00e9ographie de Saint Di\u00e9 des Vosges :<\/p>\n<p><iframe loading=\"lazy\" title=\"J\u00e9r\u00f4me Hutin\" width=\"760\" height=\"428\" src=\"https:\/\/www.youtube.com\/embed\/1jCxyYgLjM8?feature=oembed\" frameborder=\"0\" allow=\"accelerometer; autoplay; clipboard-write; encrypted-media; gyroscope; picture-in-picture; web-share\" allowfullscreen><\/iframe><\/p>\n<p>&nbsp;<\/p>\n<p class=\"Style326\" align=\"center\">en 2009 :<\/p>\n<p><img decoding=\"async\" loading=\"lazy\" class=\"size-large wp-image-143 aligncenter\" src=\"http:\/\/arbresvenerables.arborethic.com\/blog\/wp-content\/uploads\/2016\/12\/P9185058-865x1024.jpg\" alt=\"\" width=\"865\" height=\"1024\" srcset=\"https:\/\/arbresvenerables.arborethic.com\/blog\/wp-content\/uploads\/2016\/12\/P9185058-865x1024.jpg 865w, https:\/\/arbresvenerables.arborethic.com\/blog\/wp-content\/uploads\/2016\/12\/P9185058-253x300.jpg 253w, https:\/\/arbresvenerables.arborethic.com\/blog\/wp-content\/uploads\/2016\/12\/P9185058-768x909.jpg 768w, https:\/\/arbresvenerables.arborethic.com\/blog\/wp-content\/uploads\/2016\/12\/P9185058.jpg 1882w\" sizes=\"(max-width: 865px) 100vw, 865px\" \/><\/p>\n<p class=\"Style326\" align=\"center\"><img decoding=\"async\" loading=\"lazy\" class=\"aligncenter size-large wp-image-189\" src=\"http:\/\/arbresvenerables.arborethic.com\/blog\/wp-content\/uploads\/2016\/12\/Corse_matin_pistachierGattone-1024x598.jpg\" alt=\"\" width=\"1024\" height=\"598\" srcset=\"https:\/\/arbresvenerables.arborethic.com\/blog\/wp-content\/uploads\/2016\/12\/Corse_matin_pistachierGattone-1024x598.jpg 1024w, https:\/\/arbresvenerables.arborethic.com\/blog\/wp-content\/uploads\/2016\/12\/Corse_matin_pistachierGattone-300x175.jpg 300w, https:\/\/arbresvenerables.arborethic.com\/blog\/wp-content\/uploads\/2016\/12\/Corse_matin_pistachierGattone-768x449.jpg 768w\" sizes=\"(max-width: 1024px) 100vw, 1024px\" \/><\/p>\n<p class=\"Style326\" align=\"center\">en 2008 :<\/p>\n<p class=\"Style326\" align=\"center\">Tout l&rsquo;\u00e9t\u00e9, Dimanche Ouest France publie les chroniques \u00ab\u00a0Arbres\u00a0\u00bb, r\u00e9alis\u00e9es par J\u00e9r\u00f4me Hutin. 8 chroniques sont pr\u00e9vues. Et peut \u00eatre un \u00e9ventuel livre dans les prochains mois&#8230; \u00e0 suivre!<\/p>\n<p class=\"Style326\" align=\"center\"><img decoding=\"async\" loading=\"lazy\" class=\"aligncenter size-full wp-image-185\" src=\"http:\/\/arbresvenerables.arborethic.com\/blog\/wp-content\/uploads\/2016\/12\/1erchronique_DimancheOuestFrance.jpg\" alt=\"\" width=\"800\" height=\"574\" srcset=\"https:\/\/arbresvenerables.arborethic.com\/blog\/wp-content\/uploads\/2016\/12\/1erchronique_DimancheOuestFrance.jpg 800w, https:\/\/arbresvenerables.arborethic.com\/blog\/wp-content\/uploads\/2016\/12\/1erchronique_DimancheOuestFrance-300x215.jpg 300w, https:\/\/arbresvenerables.arborethic.com\/blog\/wp-content\/uploads\/2016\/12\/1erchronique_DimancheOuestFrance-768x551.jpg 768w\" sizes=\"(max-width: 800px) 100vw, 800px\" \/> <img decoding=\"async\" loading=\"lazy\" class=\"aligncenter size-full wp-image-186\" src=\"http:\/\/arbresvenerables.arborethic.com\/blog\/wp-content\/uploads\/2016\/12\/2eme_chronique_DimancheOuestFrance.jpg\" alt=\"\" width=\"800\" height=\"565\" srcset=\"https:\/\/arbresvenerables.arborethic.com\/blog\/wp-content\/uploads\/2016\/12\/2eme_chronique_DimancheOuestFrance.jpg 800w, https:\/\/arbresvenerables.arborethic.com\/blog\/wp-content\/uploads\/2016\/12\/2eme_chronique_DimancheOuestFrance-300x212.jpg 300w, https:\/\/arbresvenerables.arborethic.com\/blog\/wp-content\/uploads\/2016\/12\/2eme_chronique_DimancheOuestFrance-768x542.jpg 768w\" sizes=\"(max-width: 800px) 100vw, 800px\" \/> <img decoding=\"async\" loading=\"lazy\" class=\"aligncenter size-full wp-image-187\" src=\"http:\/\/arbresvenerables.arborethic.com\/blog\/wp-content\/uploads\/2016\/12\/3eme_chronique_DimancheOuestFrance.jpg\" alt=\"\" width=\"687\" height=\"600\" srcset=\"https:\/\/arbresvenerables.arborethic.com\/blog\/wp-content\/uploads\/2016\/12\/3eme_chronique_DimancheOuestFrance.jpg 687w, https:\/\/arbresvenerables.arborethic.com\/blog\/wp-content\/uploads\/2016\/12\/3eme_chronique_DimancheOuestFrance-300x262.jpg 300w\" sizes=\"(max-width: 687px) 100vw, 687px\" \/> <img decoding=\"async\" loading=\"lazy\" class=\"aligncenter size-large wp-image-188\" src=\"http:\/\/arbresvenerables.arborethic.com\/blog\/wp-content\/uploads\/2016\/12\/4eme_chronique_DimancheOuestFrance_chene_au_clous_WEB-1024x765.jpg\" alt=\"\" width=\"1024\" height=\"765\" srcset=\"https:\/\/arbresvenerables.arborethic.com\/blog\/wp-content\/uploads\/2016\/12\/4eme_chronique_DimancheOuestFrance_chene_au_clous_WEB-1024x765.jpg 1024w, https:\/\/arbresvenerables.arborethic.com\/blog\/wp-content\/uploads\/2016\/12\/4eme_chronique_DimancheOuestFrance_chene_au_clous_WEB-300x224.jpg 300w, https:\/\/arbresvenerables.arborethic.com\/blog\/wp-content\/uploads\/2016\/12\/4eme_chronique_DimancheOuestFrance_chene_au_clous_WEB-768x574.jpg 768w, https:\/\/arbresvenerables.arborethic.com\/blog\/wp-content\/uploads\/2016\/12\/4eme_chronique_DimancheOuestFrance_chene_au_clous_WEB-326x245.jpg 326w, https:\/\/arbresvenerables.arborethic.com\/blog\/wp-content\/uploads\/2016\/12\/4eme_chronique_DimancheOuestFrance_chene_au_clous_WEB-80x60.jpg 80w, https:\/\/arbresvenerables.arborethic.com\/blog\/wp-content\/uploads\/2016\/12\/4eme_chronique_DimancheOuestFrance_chene_au_clous_WEB.jpg 1501w\" sizes=\"(max-width: 1024px) 100vw, 1024px\" \/> <img decoding=\"async\" loading=\"lazy\" class=\"aligncenter size-large wp-image-193\" src=\"http:\/\/arbresvenerables.arborethic.com\/blog\/wp-content\/uploads\/2016\/12\/Ouest_France_Dimanche_editorial-1024x486.jpg\" alt=\"\" width=\"1024\" height=\"486\" srcset=\"https:\/\/arbresvenerables.arborethic.com\/blog\/wp-content\/uploads\/2016\/12\/Ouest_France_Dimanche_editorial-1024x486.jpg 1024w, https:\/\/arbresvenerables.arborethic.com\/blog\/wp-content\/uploads\/2016\/12\/Ouest_France_Dimanche_editorial-300x143.jpg 300w, https:\/\/arbresvenerables.arborethic.com\/blog\/wp-content\/uploads\/2016\/12\/Ouest_France_Dimanche_editorial-768x365.jpg 768w, https:\/\/arbresvenerables.arborethic.com\/blog\/wp-content\/uploads\/2016\/12\/Ouest_France_Dimanche_editorial.jpg 1200w\" sizes=\"(max-width: 1024px) 100vw, 1024px\" \/> <img decoding=\"async\" loading=\"lazy\" class=\"aligncenter size-large wp-image-192\" src=\"http:\/\/arbresvenerables.arborethic.com\/blog\/wp-content\/uploads\/2016\/12\/Ouest_France_Dimanche_Article_Arbres_Venerables_1200-739x1024.jpg\" alt=\"\" width=\"739\" height=\"1024\" srcset=\"https:\/\/arbresvenerables.arborethic.com\/blog\/wp-content\/uploads\/2016\/12\/Ouest_France_Dimanche_Article_Arbres_Venerables_1200-739x1024.jpg 739w, https:\/\/arbresvenerables.arborethic.com\/blog\/wp-content\/uploads\/2016\/12\/Ouest_France_Dimanche_Article_Arbres_Venerables_1200-216x300.jpg 216w, https:\/\/arbresvenerables.arborethic.com\/blog\/wp-content\/uploads\/2016\/12\/Ouest_France_Dimanche_Article_Arbres_Venerables_1200-768x1064.jpg 768w, https:\/\/arbresvenerables.arborethic.com\/blog\/wp-content\/uploads\/2016\/12\/Ouest_France_Dimanche_Article_Arbres_Venerables_1200.jpg 1200w\" sizes=\"(max-width: 739px) 100vw, 739px\" \/><\/p>\n<p>&nbsp;<\/p>\n<p class=\"Style326\" align=\"center\">en 2007:<\/p>\n<p><img decoding=\"async\" loading=\"lazy\" class=\"size-large wp-image-190 aligncenter\" src=\"http:\/\/arbresvenerables.arborethic.com\/blog\/wp-content\/uploads\/2016\/12\/depeche_du_dimanche_tahiti_2007-1024x768.jpg\" alt=\"\" width=\"1024\" height=\"768\" srcset=\"https:\/\/arbresvenerables.arborethic.com\/blog\/wp-content\/uploads\/2016\/12\/depeche_du_dimanche_tahiti_2007-1024x768.jpg 1024w, https:\/\/arbresvenerables.arborethic.com\/blog\/wp-content\/uploads\/2016\/12\/depeche_du_dimanche_tahiti_2007-300x225.jpg 300w, https:\/\/arbresvenerables.arborethic.com\/blog\/wp-content\/uploads\/2016\/12\/depeche_du_dimanche_tahiti_2007-768x576.jpg 768w, https:\/\/arbresvenerables.arborethic.com\/blog\/wp-content\/uploads\/2016\/12\/depeche_du_dimanche_tahiti_2007-678x509.jpg 678w, https:\/\/arbresvenerables.arborethic.com\/blog\/wp-content\/uploads\/2016\/12\/depeche_du_dimanche_tahiti_2007-326x245.jpg 326w, https:\/\/arbresvenerables.arborethic.com\/blog\/wp-content\/uploads\/2016\/12\/depeche_du_dimanche_tahiti_2007-80x60.jpg 80w, https:\/\/arbresvenerables.arborethic.com\/blog\/wp-content\/uploads\/2016\/12\/depeche_du_dimanche_tahiti_2007.jpg 2048w\" sizes=\"(max-width: 1024px) 100vw, 1024px\" \/><\/p>\n<p><img decoding=\"async\" loading=\"lazy\" class=\"size-full wp-image-195 aligncenter\" src=\"http:\/\/arbresvenerables.arborethic.com\/blog\/wp-content\/uploads\/2016\/12\/P9166050.jpg\" alt=\"\" width=\"1024\" height=\"1024\" srcset=\"https:\/\/arbresvenerables.arborethic.com\/blog\/wp-content\/uploads\/2016\/12\/P9166050.jpg 1024w, https:\/\/arbresvenerables.arborethic.com\/blog\/wp-content\/uploads\/2016\/12\/P9166050-150x150.jpg 150w, https:\/\/arbresvenerables.arborethic.com\/blog\/wp-content\/uploads\/2016\/12\/P9166050-300x300.jpg 300w, https:\/\/arbresvenerables.arborethic.com\/blog\/wp-content\/uploads\/2016\/12\/P9166050-768x768.jpg 768w\" sizes=\"(max-width: 1024px) 100vw, 1024px\" \/><\/p>\n<p><img decoding=\"async\" loading=\"lazy\" class=\"size-large wp-image-191 aligncenter\" src=\"http:\/\/arbresvenerables.arborethic.com\/blog\/wp-content\/uploads\/2016\/12\/ouest_france_26_09_2007-835x1024.jpg\" alt=\"\" width=\"835\" height=\"1024\" srcset=\"https:\/\/arbresvenerables.arborethic.com\/blog\/wp-content\/uploads\/2016\/12\/ouest_france_26_09_2007.jpg 835w, https:\/\/arbresvenerables.arborethic.com\/blog\/wp-content\/uploads\/2016\/12\/ouest_france_26_09_2007-245x300.jpg 245w, https:\/\/arbresvenerables.arborethic.com\/blog\/wp-content\/uploads\/2016\/12\/ouest_france_26_09_2007-768x942.jpg 768w\" sizes=\"(max-width: 835px) 100vw, 835px\" \/><\/p>\n<p class=\"Style261\" align=\"center\"><strong>Pierre Rabhi et son association Terre &amp; Humanisme<\/strong> avaient d\u00e9cid\u00e9 de publier l&rsquo;Appel des Arbres sur leur magazine de l&rsquo;\u00e9t\u00e9 2007.<\/p>\n<p class=\"Style261\" align=\"center\">Ils avaient choisi le ch\u00eane de Venon en Is\u00e8re.<\/p>\n<p><img decoding=\"async\" loading=\"lazy\" class=\"size-full wp-image-209 aligncenter\" src=\"http:\/\/arbresvenerables.arborethic.com\/blog\/wp-content\/uploads\/2016\/12\/Terre_Humanisme_P8074329.jpg\" alt=\"\" width=\"279\" height=\"400\" srcset=\"https:\/\/arbresvenerables.arborethic.com\/blog\/wp-content\/uploads\/2016\/12\/Terre_Humanisme_P8074329.jpg 279w, https:\/\/arbresvenerables.arborethic.com\/blog\/wp-content\/uploads\/2016\/12\/Terre_Humanisme_P8074329-209x300.jpg 209w\" sizes=\"(max-width: 279px) 100vw, 279px\" \/><\/p>\n<p><img decoding=\"async\" loading=\"lazy\" class=\"aligncenter wp-image-210 size-full\" src=\"http:\/\/arbresvenerables.arborethic.com\/blog\/wp-content\/uploads\/2016\/12\/Terre_Humanisme_P8074330.jpg\" width=\"281\" height=\"400\" srcset=\"https:\/\/arbresvenerables.arborethic.com\/blog\/wp-content\/uploads\/2016\/12\/Terre_Humanisme_P8074330.jpg 281w, https:\/\/arbresvenerables.arborethic.com\/blog\/wp-content\/uploads\/2016\/12\/Terre_Humanisme_P8074330-211x300.jpg 211w\" sizes=\"(max-width: 281px) 100vw, 281px\" \/><\/p>\n<ul>\n<li>\n<div align=\"center\"><strong>Le Courrier de la Nature<\/strong><\/div>\n<\/li>\n<\/ul>\n<p><img decoding=\"async\" loading=\"lazy\" class=\"size-full wp-image-206 aligncenter\" src=\"http:\/\/arbresvenerables.arborethic.com\/blog\/wp-content\/uploads\/2016\/12\/PB058682.jpg\" alt=\"\" width=\"568\" height=\"800\" srcset=\"https:\/\/arbresvenerables.arborethic.com\/blog\/wp-content\/uploads\/2016\/12\/PB058682.jpg 568w, https:\/\/arbresvenerables.arborethic.com\/blog\/wp-content\/uploads\/2016\/12\/PB058682-213x300.jpg 213w\" sizes=\"(max-width: 568px) 100vw, 568px\" \/><\/p>\n<p align=\"center\"><img decoding=\"async\" loading=\"lazy\" class=\"aligncenter size-large wp-image-207\" src=\"http:\/\/arbresvenerables.arborethic.com\/blog\/wp-content\/uploads\/2016\/12\/PB058683-1024x732.jpg\" alt=\"\" width=\"1024\" height=\"732\" srcset=\"https:\/\/arbresvenerables.arborethic.com\/blog\/wp-content\/uploads\/2016\/12\/PB058683.jpg 1024w, https:\/\/arbresvenerables.arborethic.com\/blog\/wp-content\/uploads\/2016\/12\/PB058683-300x214.jpg 300w, https:\/\/arbresvenerables.arborethic.com\/blog\/wp-content\/uploads\/2016\/12\/PB058683-768x549.jpg 768w\" sizes=\"(max-width: 1024px) 100vw, 1024px\" \/><\/p>\n<ul>\n<li>\n<div align=\"center\"><strong>For\u00eat Magazine<\/strong><\/div>\n<\/li>\n<\/ul>\n<p><img decoding=\"async\" loading=\"lazy\" class=\"size-full wp-image-198 aligncenter\" src=\"http:\/\/arbresvenerables.arborethic.com\/blog\/wp-content\/uploads\/2016\/12\/PB058674.jpg\" alt=\"\" width=\"622\" height=\"800\" srcset=\"https:\/\/arbresvenerables.arborethic.com\/blog\/wp-content\/uploads\/2016\/12\/PB058674.jpg 622w, https:\/\/arbresvenerables.arborethic.com\/blog\/wp-content\/uploads\/2016\/12\/PB058674-233x300.jpg 233w\" sizes=\"(max-width: 622px) 100vw, 622px\" \/><\/p>\n<p><img decoding=\"async\" loading=\"lazy\" class=\"size-large wp-image-197 aligncenter\" src=\"http:\/\/arbresvenerables.arborethic.com\/blog\/wp-content\/uploads\/2016\/12\/PB058673-1024x711.jpg\" alt=\"\" width=\"1024\" height=\"711\" srcset=\"https:\/\/arbresvenerables.arborethic.com\/blog\/wp-content\/uploads\/2016\/12\/PB058673.jpg 1024w, https:\/\/arbresvenerables.arborethic.com\/blog\/wp-content\/uploads\/2016\/12\/PB058673-300x208.jpg 300w, https:\/\/arbresvenerables.arborethic.com\/blog\/wp-content\/uploads\/2016\/12\/PB058673-768x533.jpg 768w\" sizes=\"(max-width: 1024px) 100vw, 1024px\" \/><\/p>\n<ul>\n<li>\n<div align=\"center\"><strong>Horizons Nature 2006<\/strong><\/div>\n<\/li>\n<\/ul>\n<p><img decoding=\"async\" loading=\"lazy\" class=\"size-full wp-image-203 aligncenter\" src=\"http:\/\/arbresvenerables.arborethic.com\/blog\/wp-content\/uploads\/2016\/12\/PB058679.jpg\" alt=\"\" width=\"611\" height=\"800\" srcset=\"https:\/\/arbresvenerables.arborethic.com\/blog\/wp-content\/uploads\/2016\/12\/PB058679.jpg 611w, https:\/\/arbresvenerables.arborethic.com\/blog\/wp-content\/uploads\/2016\/12\/PB058679-229x300.jpg 229w\" sizes=\"(max-width: 611px) 100vw, 611px\" \/><\/p>\n<p><img decoding=\"async\" loading=\"lazy\" class=\"size-large wp-image-202 aligncenter\" src=\"http:\/\/arbresvenerables.arborethic.com\/blog\/wp-content\/uploads\/2016\/12\/PB058678-1024x693.jpg\" alt=\"\" width=\"1024\" height=\"693\" srcset=\"https:\/\/arbresvenerables.arborethic.com\/blog\/wp-content\/uploads\/2016\/12\/PB058678.jpg 1024w, https:\/\/arbresvenerables.arborethic.com\/blog\/wp-content\/uploads\/2016\/12\/PB058678-300x203.jpg 300w, https:\/\/arbresvenerables.arborethic.com\/blog\/wp-content\/uploads\/2016\/12\/PB058678-768x520.jpg 768w\" sizes=\"(max-width: 1024px) 100vw, 1024px\" \/><\/p>\n<p><img decoding=\"async\" loading=\"lazy\" class=\"size-full wp-image-200 aligncenter\" src=\"http:\/\/arbresvenerables.arborethic.com\/blog\/wp-content\/uploads\/2016\/12\/PB058676.jpg\" alt=\"\" width=\"638\" height=\"800\" srcset=\"https:\/\/arbresvenerables.arborethic.com\/blog\/wp-content\/uploads\/2016\/12\/PB058676.jpg 638w, https:\/\/arbresvenerables.arborethic.com\/blog\/wp-content\/uploads\/2016\/12\/PB058676-239x300.jpg 239w\" sizes=\"(max-width: 638px) 100vw, 638px\" \/><\/p>\n<p><img decoding=\"async\" loading=\"lazy\" class=\"size-large wp-image-201 aligncenter\" src=\"http:\/\/arbresvenerables.arborethic.com\/blog\/wp-content\/uploads\/2016\/12\/PB058677-1024x702.jpg\" alt=\"\" width=\"1024\" height=\"702\" srcset=\"https:\/\/arbresvenerables.arborethic.com\/blog\/wp-content\/uploads\/2016\/12\/PB058677.jpg 1024w, https:\/\/arbresvenerables.arborethic.com\/blog\/wp-content\/uploads\/2016\/12\/PB058677-300x206.jpg 300w, https:\/\/arbresvenerables.arborethic.com\/blog\/wp-content\/uploads\/2016\/12\/PB058677-768x527.jpg 768w\" sizes=\"(max-width: 1024px) 100vw, 1024px\" \/><\/p>\n<p>&nbsp;<\/p>\n<p align=\"center\"><img decoding=\"async\" loading=\"lazy\" class=\"aligncenter size-large wp-image-140\" src=\"http:\/\/arbresvenerables.arborethic.com\/blog\/wp-content\/uploads\/2016\/12\/Horizons_Nature_07-1024x684.jpg\" alt=\"\" width=\"1024\" height=\"684\" srcset=\"https:\/\/arbresvenerables.arborethic.com\/blog\/wp-content\/uploads\/2016\/12\/Horizons_Nature_07-1024x684.jpg 1024w, https:\/\/arbresvenerables.arborethic.com\/blog\/wp-content\/uploads\/2016\/12\/Horizons_Nature_07-300x200.jpg 300w, https:\/\/arbresvenerables.arborethic.com\/blog\/wp-content\/uploads\/2016\/12\/Horizons_Nature_07-768x513.jpg 768w, https:\/\/arbresvenerables.arborethic.com\/blog\/wp-content\/uploads\/2016\/12\/Horizons_Nature_07.jpg 1536w\" sizes=\"(max-width: 1024px) 100vw, 1024px\" \/><\/p>\n<p align=\"center\"><strong>en 2005:<\/strong><\/p>\n<p align=\"center\"><img decoding=\"async\" loading=\"lazy\" class=\"aligncenter size-large wp-image-145\" src=\"http:\/\/arbresvenerables.arborethic.com\/blog\/wp-content\/uploads\/2016\/12\/Sud_Ouest_11_dec_2005_1024x-682x1024.jpg\" alt=\"\" width=\"682\" height=\"1024\" srcset=\"https:\/\/arbresvenerables.arborethic.com\/blog\/wp-content\/uploads\/2016\/12\/Sud_Ouest_11_dec_2005_1024x-682x1024.jpg 682w, https:\/\/arbresvenerables.arborethic.com\/blog\/wp-content\/uploads\/2016\/12\/Sud_Ouest_11_dec_2005_1024x-200x300.jpg 200w, https:\/\/arbresvenerables.arborethic.com\/blog\/wp-content\/uploads\/2016\/12\/Sud_Ouest_11_dec_2005_1024x-768x1153.jpg 768w, https:\/\/arbresvenerables.arborethic.com\/blog\/wp-content\/uploads\/2016\/12\/Sud_Ouest_11_dec_2005_1024x.jpg 1024w\" sizes=\"(max-width: 682px) 100vw, 682px\" \/><\/p>\n<ul>\n<li>\n<div align=\"center\">Novembre &#8211; D\u00e9cembre 2005 &#8211; Les Baobabs de Madagascar:<\/div>\n<\/li>\n<\/ul>\n<p align=\"center\"><img decoding=\"async\" loading=\"lazy\" class=\"aligncenter wp-image-215\" src=\"http:\/\/arbresvenerables.arborethic.com\/blog\/wp-content\/uploads\/2016\/12\/Horizon_Nature_6_couv_web.jpg\" alt=\"\" width=\"225\" height=\"296\" \/><img decoding=\"async\" loading=\"lazy\" class=\"aligncenter size-full wp-image-216\" src=\"http:\/\/arbresvenerables.arborethic.com\/blog\/wp-content\/uploads\/2016\/12\/Horizon_Nature_6_web.jpg\" alt=\"\" width=\"301\" height=\"197\" srcset=\"https:\/\/arbresvenerables.arborethic.com\/blog\/wp-content\/uploads\/2016\/12\/Horizon_Nature_6_web.jpg 301w, https:\/\/arbresvenerables.arborethic.com\/blog\/wp-content\/uploads\/2016\/12\/Horizon_Nature_6_web-300x196.jpg 300w\" sizes=\"(max-width: 301px) 100vw, 301px\" \/><\/p>\n<p align=\"center\">Septembre &#8211; Octobre 2005 : La for\u00eat pluviale, Colombie Britannique, Canada.<\/p>\n<p align=\"center\"><img decoding=\"async\" loading=\"lazy\" class=\"aligncenter size-large wp-image-214\" src=\"http:\/\/arbresvenerables.arborethic.com\/blog\/wp-content\/uploads\/2016\/12\/Horizon_Nature_5web.jpg\" alt=\"\" width=\"500\" height=\"223\" srcset=\"https:\/\/arbresvenerables.arborethic.com\/blog\/wp-content\/uploads\/2016\/12\/Horizon_Nature_5web.jpg 500w, https:\/\/arbresvenerables.arborethic.com\/blog\/wp-content\/uploads\/2016\/12\/Horizon_Nature_5web-300x134.jpg 300w\" sizes=\"(max-width: 500px) 100vw, 500px\" \/><\/p>\n<ul>\n<li>\n<div align=\"center\">Juillet -Ao\u00fbt 2005: Les pins de Bristlecone, Californie, USA.<\/div>\n<\/li>\n<\/ul>\n<p align=\"center\"><img decoding=\"async\" loading=\"lazy\" class=\"aligncenter size-full wp-image-213\" src=\"http:\/\/arbresvenerables.arborethic.com\/blog\/wp-content\/uploads\/2016\/12\/Horizon_Nature_4web.jpg\" alt=\"\" width=\"500\" height=\"220\" srcset=\"https:\/\/arbresvenerables.arborethic.com\/blog\/wp-content\/uploads\/2016\/12\/Horizon_Nature_4web.jpg 500w, https:\/\/arbresvenerables.arborethic.com\/blog\/wp-content\/uploads\/2016\/12\/Horizon_Nature_4web-300x132.jpg 300w\" sizes=\"(max-width: 500px) 100vw, 500px\" \/><\/p>\n<p>&nbsp;<\/p>\n<ul>\n<li>\n<div align=\"center\"><strong>Interview avec France 3 Aquitaine, dans l&rsquo;\u00e9mission Escapade\u00a0&#8211;\u00a0Avril\u00a02005<\/strong><\/div>\n<\/li>\n<\/ul>\n<p align=\"center\">\u00a0En 2004:<\/p>\n<h1 class=\"Style109\"><strong><u><span class=\"Style109\">BRESIL<\/span><\/u><span class=\"Style109\"> : BONS FLUIDOS &#8211; Octobre 2004<\/span><\/strong><\/h1>\n<h1 class=\"Style109\"><u>Perfil<\/u>: De olho nas \u00e1rvores<\/h1>\n<h1 class=\"Style109\"><strong><u>Fernando Eichenberg<\/u> (journaliste <\/strong>freelance \u00e0\u00a0Paris)<\/h1>\n<p style=\"text-align: center;\"><a href=\"http:\/\/arbresvenerables1.free.fr\/HDEF\/Bons%20Fluidos.pdf\">http:\/\/arbresvenerables1.free.fr\/HDEF\/Bons Fluidos.pdf<\/a><\/p>\n<h1 align=\"center\"><a href=\"http:\/\/arbresvenerables1.free.fr\/HDEF\/Bons Fluidos.pdf\" target=\"http:\/\/arbresvenerables1.free.fr\/HDEF\/Bons Fluidos.pdf\"><img decoding=\"async\" loading=\"lazy\" src=\"http:\/\/arbresvenerables1.free.fr\/BonsFluidosBdef\/couverture revue-1.jpg\" width=\"118\" height=\"150\" border=\"0\" \/> <img decoding=\"async\" loading=\"lazy\" src=\"http:\/\/arbresvenerables1.free.fr\/BonsFluidosBdef\/page%201.1.jpg\" width=\"110\" height=\"150\" border=\"0\" \/> <img decoding=\"async\" loading=\"lazy\" src=\"http:\/\/arbresvenerables1.free.fr\/BonsFluidosBdef\/page%202%20-2.jpg\" width=\"109\" height=\"150\" border=\"0\" \/> <\/a><\/h1>\n<h1 align=\"center\"><a href=\"http:\/\/arbresvenerables1.free.fr\/HDEF\/Bons%20Fluidos.pdf\" target=\"http:\/\/arbresvenerables1.free.fr\/HDEF\/Bons Fluidos.pdf\"><img decoding=\"async\" loading=\"lazy\" src=\"http:\/\/arbresvenerables1.free.fr\/BonsFluidosBdef\/page%203%20-3.jpg\" width=\"115\" height=\"150\" border=\"0\" \/> <img decoding=\"async\" loading=\"lazy\" src=\"http:\/\/arbresvenerables1.free.fr\/BonsFluidosBdef\/page%205-5.jpg\" width=\"104\" height=\"150\" border=\"0\" \/> <img decoding=\"async\" loading=\"lazy\" src=\"http:\/\/arbresvenerables1.free.fr\/BonsFluidosBdef\/Page%206-6.jpg\" width=\"107\" height=\"150\" border=\"0\" \/><\/a><\/h1>\n<p align=\"center\"><strong>cliquez sur les images pour les agrandir.<\/strong><\/p>\n<p style=\"text-align: left;\" align=\"center\"><strong><u><span class=\"Style109\">CANADA<\/span><\/u><span class=\"Style109\"> : BIOSPHERE\u00a0MAGAZINE\u00a0&#8211; Et\u00e9\u00a02004<\/span><\/strong><\/p>\n<h3 class=\"Style109\">Titre: <em>\u00ab\u00a0Le Meilleur ami des Ents\u00a0\u00bb<\/em><\/h3>\n<h3 class=\"Style109\"><strong>Merci \u00e0 mon ami<u> Martin Silverstone <\/u>( R\u00e9dacteur en chef de Biosphere magazine<\/strong>)<\/h3>\n<p style=\"text-align: center;\"><a href=\"http:\/\/arbresvenerables1.free.fr\/HDEF\/biosphere.pdf\">http:\/\/arbresvenerables1.free.fr\/HDEF\/biosphere.pdf<\/a><\/p>\n<p align=\"center\"><a href=\"http:\/\/arbresvenerables1.free.fr\/HDEF\/biosphere.pdf\" target=\"http:\/\/arbresvenerables1.free.fr\/HDEF\/biosphere.pdf\"><img decoding=\"async\" loading=\"lazy\" src=\"http:\/\/arbresvenerables1.free.fr\/BiospshereBdef\/biosphere.jpg\" width=\"105\" height=\"150\" border=\"0\" \/> <\/a><\/p>\n<p align=\"center\"><a href=\"http:\/\/arbresvenerables1.free.fr\/HDEF\/biosphere.pdf\" target=\"http:\/\/arbresvenerables1.free.fr\/HDEF\/biosphere.pdf\"><img decoding=\"async\" loading=\"lazy\" src=\"http:\/\/arbresvenerables1.free.fr\/BiospshereBdef\/photo1.jpg\" width=\"117\" height=\"150\" border=\"0\" \/> <img decoding=\"async\" loading=\"lazy\" src=\"http:\/\/arbresvenerables1.free.fr\/BiospshereBdef\/photo 2.jpg\" width=\"103\" height=\"150\" border=\"0\" \/> <img decoding=\"async\" loading=\"lazy\" src=\"http:\/\/arbresvenerables1.free.fr\/BiospshereBdef\/photo%203.jpg\" width=\"104\" height=\"150\" border=\"0\" \/> <img decoding=\"async\" loading=\"lazy\" src=\"http:\/\/arbresvenerables1.free.fr\/BiospshereBdef\/photo%204.jpg\" width=\"110\" height=\"150\" border=\"0\" \/> <\/a><\/p>\n<p align=\"center\"><a href=\"http:\/\/arbresvenerables1.free.fr\/HDEF\/biosphere.pdf\" target=\"http:\/\/arbresvenerables1.free.fr\/HDEF\/biosphere.pdf\"><img decoding=\"async\" loading=\"lazy\" src=\"http:\/\/arbresvenerables1.free.fr\/BiospshereBdef\/photo%205.jpg\" width=\"110\" height=\"150\" border=\"0\" \/> <img decoding=\"async\" loading=\"lazy\" src=\"http:\/\/arbresvenerables1.free.fr\/BiospshereBdef\/photo%206.jpg\" width=\"102\" height=\"150\" border=\"0\" \/> <img decoding=\"async\" loading=\"lazy\" src=\"http:\/\/arbresvenerables1.free.fr\/BiospshereBdef\/photo%207.jpg\" width=\"101\" height=\"150\" border=\"0\" \/> <img decoding=\"async\" loading=\"lazy\" src=\"http:\/\/arbresvenerables1.free.fr\/BiospshereBdef\/photo%208.jpg\" width=\"104\" height=\"150\" border=\"0\" \/><\/a><\/p>\n<p>&nbsp;<\/p>\n<h3><strong><u><span class=\"Style109\">BRESIL<\/span><\/u><span class=\"Style109\">: FRANCA-BRAZIL &#8211; Automne 2004<\/span><\/strong><\/h3>\n<h3 class=\"Style109\"><!--TITULO-->Titre: <em>\u00ab\u00a0Registros do Passado\u00a0\u00bb<\/em><\/h3>\n<h3 class=\"Style109\"><strong><u>Melissa\u00a0Kechichian <\/u>( <\/strong>journaliste)<\/h3>\n<div id='gallery-1' class='gallery galleryid-123 gallery-columns-3 gallery-size-large'><figure class='gallery-item'>\n\t\t\t<div class='gallery-icon landscape'>\n\t\t\t\t<a href='https:\/\/arbresvenerables.arborethic.com\/blog\/wp-content\/uploads\/2016\/12\/Entrevista_Franca267_1.jpg'><img width=\"760\" height=\"507\" src=\"https:\/\/arbresvenerables.arborethic.com\/blog\/wp-content\/uploads\/2016\/12\/Entrevista_Franca267_1-1024x683.jpg\" class=\"attachment-large size-large\" alt=\"\" decoding=\"async\" loading=\"lazy\" srcset=\"https:\/\/arbresvenerables.arborethic.com\/blog\/wp-content\/uploads\/2016\/12\/Entrevista_Franca267_1-1024x683.jpg 1024w, https:\/\/arbresvenerables.arborethic.com\/blog\/wp-content\/uploads\/2016\/12\/Entrevista_Franca267_1-300x200.jpg 300w, https:\/\/arbresvenerables.arborethic.com\/blog\/wp-content\/uploads\/2016\/12\/Entrevista_Franca267_1-768x512.jpg 768w, https:\/\/arbresvenerables.arborethic.com\/blog\/wp-content\/uploads\/2016\/12\/Entrevista_Franca267_1.jpg 1654w\" sizes=\"(max-width: 760px) 100vw, 760px\" \/><\/a>\n\t\t\t<\/div><\/figure><figure class='gallery-item'>\n\t\t\t<div class='gallery-icon landscape'>\n\t\t\t\t<a href='https:\/\/arbresvenerables.arborethic.com\/blog\/wp-content\/uploads\/2016\/12\/Entrevista_Franca267_2_3.jpg'><img width=\"760\" height=\"507\" src=\"https:\/\/arbresvenerables.arborethic.com\/blog\/wp-content\/uploads\/2016\/12\/Entrevista_Franca267_2_3-1024x683.jpg\" class=\"attachment-large size-large\" alt=\"\" decoding=\"async\" loading=\"lazy\" srcset=\"https:\/\/arbresvenerables.arborethic.com\/blog\/wp-content\/uploads\/2016\/12\/Entrevista_Franca267_2_3-1024x683.jpg 1024w, https:\/\/arbresvenerables.arborethic.com\/blog\/wp-content\/uploads\/2016\/12\/Entrevista_Franca267_2_3-300x200.jpg 300w, https:\/\/arbresvenerables.arborethic.com\/blog\/wp-content\/uploads\/2016\/12\/Entrevista_Franca267_2_3-768x512.jpg 768w, https:\/\/arbresvenerables.arborethic.com\/blog\/wp-content\/uploads\/2016\/12\/Entrevista_Franca267_2_3.jpg 1654w\" sizes=\"(max-width: 760px) 100vw, 760px\" \/><\/a>\n\t\t\t<\/div><\/figure><figure class='gallery-item'>\n\t\t\t<div class='gallery-icon portrait'>\n\t\t\t\t<a href='https:\/\/arbresvenerables.arborethic.com\/blog\/wp-content\/uploads\/2016\/12\/Entrevista_Franca267_4.jpg'><img width=\"760\" height=\"1020\" src=\"https:\/\/arbresvenerables.arborethic.com\/blog\/wp-content\/uploads\/2016\/12\/Entrevista_Franca267_4-763x1024.jpg\" class=\"attachment-large size-large\" alt=\"\" decoding=\"async\" loading=\"lazy\" srcset=\"https:\/\/arbresvenerables.arborethic.com\/blog\/wp-content\/uploads\/2016\/12\/Entrevista_Franca267_4-763x1024.jpg 763w, https:\/\/arbresvenerables.arborethic.com\/blog\/wp-content\/uploads\/2016\/12\/Entrevista_Franca267_4-224x300.jpg 224w, https:\/\/arbresvenerables.arborethic.com\/blog\/wp-content\/uploads\/2016\/12\/Entrevista_Franca267_4-768x1031.jpg 768w, https:\/\/arbresvenerables.arborethic.com\/blog\/wp-content\/uploads\/2016\/12\/Entrevista_Franca267_4.jpg 822w\" sizes=\"(max-width: 760px) 100vw, 760px\" \/><\/a>\n\t\t\t<\/div><\/figure>\n\t\t<\/div>\n\n<p align=\"center\">T\u00e9l\u00e9charger l&rsquo;article en pdf: c&rsquo;est <strong><a href=\"http:\/\/arbresvenerables1.free.fr\/BRESIL_France_Brazil\/Entrevista_Franca267.pdf\" target=\"http:\/\/arbresvenerables1.free.fr\/BRESIL_France_Brazil\/Entrevista_Franca267.pdf\">ICI \/ HERE<\/a><\/strong><\/p>\n<p align=\"left\"><strong><u><span class=\"Style109\">BRESIL<\/span><\/u><span class=\"Style109\"> : SINAPSE\u00a0FOLHA\u00a0ONLINE\u00a0\u00e9t\u00e9\u00a02004<br \/>\n<!--\/DATA--><br \/>\n<\/span><\/strong><\/p>\n<h1 class=\"Style109\"><!--TITULO--><br \/>\n<u>Perfil<\/u>: Paparazzo de arvores<\/h1>\n<h1 class=\"Style109\"><strong><u>Fernando Eichenberg<\/u> (journaliste <\/strong>freelance \u00e0\u00a0Paris)<\/h1>\n<h1 align=\"center\"><a href=\"http:\/\/arbresvenerables.arborethic.com\/blog\/wp-content\/uploads\/2016\/12\/sinapse_article_complet-150bis-1.jpg\"><img decoding=\"async\" loading=\"lazy\" class=\"aligncenter wp-image-223 size-large\" src=\"http:\/\/arbresvenerables.arborethic.com\/blog\/wp-content\/uploads\/2016\/12\/sinapse_article_complet-150bis-1-1024x383.jpg\" width=\"1024\" height=\"383\" srcset=\"https:\/\/arbresvenerables.arborethic.com\/blog\/wp-content\/uploads\/2016\/12\/sinapse_article_complet-150bis-1-1024x383.jpg 1024w, https:\/\/arbresvenerables.arborethic.com\/blog\/wp-content\/uploads\/2016\/12\/sinapse_article_complet-150bis-1-300x112.jpg 300w, https:\/\/arbresvenerables.arborethic.com\/blog\/wp-content\/uploads\/2016\/12\/sinapse_article_complet-150bis-1-768x287.jpg 768w\" sizes=\"(max-width: 1024px) 100vw, 1024px\" \/><\/a><\/h1>\n<p>&nbsp;<\/p>\n<p align=\"center\"><strong>\u00a0<\/strong><\/p>\n<p class=\"Style3\" align=\"center\"><strong>En 2003<\/strong><\/p>\n<p class=\"Style3\" align=\"center\"><strong>France<\/strong><\/p>\n<p><a href=\"http:\/\/arbresvenerables.arborethic.com\/blog\/wp-content\/uploads\/2016\/12\/Est-Republicain-19-06-2003.jpg\"><img decoding=\"async\" loading=\"lazy\" class=\"aligncenter size-full wp-image-139\" src=\"http:\/\/arbresvenerables.arborethic.com\/blog\/wp-content\/uploads\/2016\/12\/Est-Republicain-19-06-2003.jpg\" alt=\"\" width=\"912\" height=\"827\" srcset=\"https:\/\/arbresvenerables.arborethic.com\/blog\/wp-content\/uploads\/2016\/12\/Est-Republicain-19-06-2003.jpg 912w, https:\/\/arbresvenerables.arborethic.com\/blog\/wp-content\/uploads\/2016\/12\/Est-Republicain-19-06-2003-300x272.jpg 300w, https:\/\/arbresvenerables.arborethic.com\/blog\/wp-content\/uploads\/2016\/12\/Est-Republicain-19-06-2003-768x696.jpg 768w\" sizes=\"(max-width: 912px) 100vw, 912px\" \/><\/a> <a href=\"http:\/\/arbresvenerables.arborethic.com\/blog\/wp-content\/uploads\/2016\/12\/SUD-OUEST-DIMANCHE-27-4-2003.jpg\"><img decoding=\"async\" loading=\"lazy\" class=\"aligncenter size-large wp-image-146\" src=\"http:\/\/arbresvenerables.arborethic.com\/blog\/wp-content\/uploads\/2016\/12\/SUD-OUEST-DIMANCHE-27-4-2003-675x1024.jpg\" alt=\"\" width=\"675\" height=\"1024\" srcset=\"https:\/\/arbresvenerables.arborethic.com\/blog\/wp-content\/uploads\/2016\/12\/SUD-OUEST-DIMANCHE-27-4-2003-675x1024.jpg 675w, https:\/\/arbresvenerables.arborethic.com\/blog\/wp-content\/uploads\/2016\/12\/SUD-OUEST-DIMANCHE-27-4-2003-198x300.jpg 198w, https:\/\/arbresvenerables.arborethic.com\/blog\/wp-content\/uploads\/2016\/12\/SUD-OUEST-DIMANCHE-27-4-2003-768x1165.jpg 768w, https:\/\/arbresvenerables.arborethic.com\/blog\/wp-content\/uploads\/2016\/12\/SUD-OUEST-DIMANCHE-27-4-2003.jpg 1129w\" sizes=\"(max-width: 675px) 100vw, 675px\" \/><\/a> <a href=\"http:\/\/arbresvenerables.arborethic.com\/blog\/wp-content\/uploads\/2016\/12\/WEB-HD-Echo-Dordogne.jpg\"><img decoding=\"async\" loading=\"lazy\" class=\"aligncenter size-large wp-image-162\" src=\"http:\/\/arbresvenerables.arborethic.com\/blog\/wp-content\/uploads\/2016\/12\/WEB-HD-Echo-Dordogne-712x1024.jpg\" alt=\"\" width=\"712\" height=\"1024\" srcset=\"https:\/\/arbresvenerables.arborethic.com\/blog\/wp-content\/uploads\/2016\/12\/WEB-HD-Echo-Dordogne-712x1024.jpg 712w, https:\/\/arbresvenerables.arborethic.com\/blog\/wp-content\/uploads\/2016\/12\/WEB-HD-Echo-Dordogne-209x300.jpg 209w, https:\/\/arbresvenerables.arborethic.com\/blog\/wp-content\/uploads\/2016\/12\/WEB-HD-Echo-Dordogne-768x1105.jpg 768w, https:\/\/arbresvenerables.arborethic.com\/blog\/wp-content\/uploads\/2016\/12\/WEB-HD-Echo-Dordogne.jpg 787w\" sizes=\"(max-width: 712px) 100vw, 712px\" \/><\/a> <a href=\"http:\/\/arbresvenerables.arborethic.com\/blog\/wp-content\/uploads\/2016\/12\/La-Vie-10-4-2003-bis.jpg\"><img decoding=\"async\" loading=\"lazy\" class=\"aligncenter size-large wp-image-142\" src=\"http:\/\/arbresvenerables.arborethic.com\/blog\/wp-content\/uploads\/2016\/12\/La-Vie-10-4-2003-bis-785x1024.jpg\" alt=\"\" width=\"785\" height=\"1024\" srcset=\"https:\/\/arbresvenerables.arborethic.com\/blog\/wp-content\/uploads\/2016\/12\/La-Vie-10-4-2003-bis-785x1024.jpg 785w, https:\/\/arbresvenerables.arborethic.com\/blog\/wp-content\/uploads\/2016\/12\/La-Vie-10-4-2003-bis-230x300.jpg 230w, https:\/\/arbresvenerables.arborethic.com\/blog\/wp-content\/uploads\/2016\/12\/La-Vie-10-4-2003-bis-768x1001.jpg 768w, https:\/\/arbresvenerables.arborethic.com\/blog\/wp-content\/uploads\/2016\/12\/La-Vie-10-4-2003-bis.jpg 1224w\" sizes=\"(max-width: 785px) 100vw, 785px\" \/><\/a> <a href=\"http:\/\/arbresvenerables.arborethic.com\/blog\/wp-content\/uploads\/2016\/12\/WEB-JDD-30-3-2003.jpg\"><img decoding=\"async\" loading=\"lazy\" class=\"aligncenter size-large wp-image-164\" src=\"http:\/\/arbresvenerables.arborethic.com\/blog\/wp-content\/uploads\/2016\/12\/WEB-JDD-30-3-2003-837x1024.jpg\" alt=\"\" width=\"837\" height=\"1024\" srcset=\"https:\/\/arbresvenerables.arborethic.com\/blog\/wp-content\/uploads\/2016\/12\/WEB-JDD-30-3-2003-837x1024.jpg 837w, https:\/\/arbresvenerables.arborethic.com\/blog\/wp-content\/uploads\/2016\/12\/WEB-JDD-30-3-2003-245x300.jpg 245w, https:\/\/arbresvenerables.arborethic.com\/blog\/wp-content\/uploads\/2016\/12\/WEB-JDD-30-3-2003-768x940.jpg 768w, https:\/\/arbresvenerables.arborethic.com\/blog\/wp-content\/uploads\/2016\/12\/WEB-JDD-30-3-2003.jpg 1268w\" sizes=\"(max-width: 837px) 100vw, 837px\" \/><\/a> <a href=\"http:\/\/arbresvenerables.arborethic.com\/blog\/wp-content\/uploads\/2016\/12\/SUD-OUEST-TERRASSON-22-mars.jpg\"><img decoding=\"async\" loading=\"lazy\" class=\"aligncenter size-large wp-image-147\" src=\"http:\/\/arbresvenerables.arborethic.com\/blog\/wp-content\/uploads\/2016\/12\/SUD-OUEST-TERRASSON-22-mars-701x1024.jpg\" alt=\"\" width=\"701\" height=\"1024\" srcset=\"https:\/\/arbresvenerables.arborethic.com\/blog\/wp-content\/uploads\/2016\/12\/SUD-OUEST-TERRASSON-22-mars-701x1024.jpg 701w, https:\/\/arbresvenerables.arborethic.com\/blog\/wp-content\/uploads\/2016\/12\/SUD-OUEST-TERRASSON-22-mars-206x300.jpg 206w, https:\/\/arbresvenerables.arborethic.com\/blog\/wp-content\/uploads\/2016\/12\/SUD-OUEST-TERRASSON-22-mars-768x1121.jpg 768w, https:\/\/arbresvenerables.arborethic.com\/blog\/wp-content\/uploads\/2016\/12\/SUD-OUEST-TERRASSON-22-mars.jpg 1181w\" sizes=\"(max-width: 701px) 100vw, 701px\" \/><\/a><\/p>\n<p style=\"text-align: center;\"><a href=\"http:\/\/arbresvenerables.arborethic.com\/blog\/index.php\/qui-est-jerome-hutin\/articles-de-presse\/web-plantes-et-nature-couve\/\" rel=\"attachment wp-att-170\"><img decoding=\"async\" loading=\"lazy\" class=\"aligncenter size-full wp-image-170\" src=\"http:\/\/arbresvenerables.arborethic.com\/blog\/wp-content\/uploads\/2016\/12\/WEB-PLANTES-ET-NATURE-couve.jpg\" alt=\"\" width=\"600\" height=\"882\" srcset=\"https:\/\/arbresvenerables.arborethic.com\/blog\/wp-content\/uploads\/2016\/12\/WEB-PLANTES-ET-NATURE-couve.jpg 600w, https:\/\/arbresvenerables.arborethic.com\/blog\/wp-content\/uploads\/2016\/12\/WEB-PLANTES-ET-NATURE-couve-204x300.jpg 204w\" sizes=\"(max-width: 600px) 100vw, 600px\" \/><\/a> <a href=\"http:\/\/arbresvenerables.arborethic.com\/blog\/index.php\/qui-est-jerome-hutin\/articles-de-presse\/web-plantes-et-nature-p53\/\" rel=\"attachment wp-att-171\"><img decoding=\"async\" loading=\"lazy\" class=\"aligncenter size-full wp-image-171\" src=\"http:\/\/arbresvenerables.arborethic.com\/blog\/wp-content\/uploads\/2016\/12\/WEB-PLANTES-ET-NATURE-p53.jpg\" alt=\"\" width=\"600\" height=\"912\" srcset=\"https:\/\/arbresvenerables.arborethic.com\/blog\/wp-content\/uploads\/2016\/12\/WEB-PLANTES-ET-NATURE-p53.jpg 600w, https:\/\/arbresvenerables.arborethic.com\/blog\/wp-content\/uploads\/2016\/12\/WEB-PLANTES-ET-NATURE-p53-197x300.jpg 197w\" sizes=\"(max-width: 600px) 100vw, 600px\" \/><\/a> <a href=\"http:\/\/arbresvenerables.arborethic.com\/blog\/wp-content\/uploads\/2016\/12\/WEB-PLANTES-ET-NATURE-p54.jpg\"><img decoding=\"async\" loading=\"lazy\" class=\"aligncenter size-full wp-image-172\" src=\"http:\/\/arbresvenerables.arborethic.com\/blog\/wp-content\/uploads\/2016\/12\/WEB-PLANTES-ET-NATURE-p54.jpg\" alt=\"\" width=\"600\" height=\"901\" srcset=\"https:\/\/arbresvenerables.arborethic.com\/blog\/wp-content\/uploads\/2016\/12\/WEB-PLANTES-ET-NATURE-p54.jpg 600w, https:\/\/arbresvenerables.arborethic.com\/blog\/wp-content\/uploads\/2016\/12\/WEB-PLANTES-ET-NATURE-p54-200x300.jpg 200w\" sizes=\"(max-width: 600px) 100vw, 600px\" \/><\/a> <a href=\"http:\/\/arbresvenerables.arborethic.com\/blog\/wp-content\/uploads\/2016\/12\/WEB-PLANTES-ET-NATURE-p55.jpg\"><img decoding=\"async\" loading=\"lazy\" class=\"aligncenter size-full wp-image-173\" src=\"http:\/\/arbresvenerables.arborethic.com\/blog\/wp-content\/uploads\/2016\/12\/WEB-PLANTES-ET-NATURE-p55.jpg\" alt=\"\" width=\"600\" height=\"917\" srcset=\"https:\/\/arbresvenerables.arborethic.com\/blog\/wp-content\/uploads\/2016\/12\/WEB-PLANTES-ET-NATURE-p55.jpg 600w, https:\/\/arbresvenerables.arborethic.com\/blog\/wp-content\/uploads\/2016\/12\/WEB-PLANTES-ET-NATURE-p55-196x300.jpg 196w\" sizes=\"(max-width: 600px) 100vw, 600px\" \/><\/a> <a href=\"http:\/\/arbresvenerables.arborethic.com\/blog\/wp-content\/uploads\/2016\/12\/WEB-PLANTES-ET-NATURE-p56.jpg\"><img decoding=\"async\" loading=\"lazy\" class=\"aligncenter size-full wp-image-174\" src=\"http:\/\/arbresvenerables.arborethic.com\/blog\/wp-content\/uploads\/2016\/12\/WEB-PLANTES-ET-NATURE-p56.jpg\" alt=\"\" width=\"600\" height=\"909\" srcset=\"https:\/\/arbresvenerables.arborethic.com\/blog\/wp-content\/uploads\/2016\/12\/WEB-PLANTES-ET-NATURE-p56.jpg 600w, https:\/\/arbresvenerables.arborethic.com\/blog\/wp-content\/uploads\/2016\/12\/WEB-PLANTES-ET-NATURE-p56-198x300.jpg 198w\" sizes=\"(max-width: 600px) 100vw, 600px\" \/><\/a> <a href=\"http:\/\/arbresvenerables.arborethic.com\/blog\/wp-content\/uploads\/2016\/12\/WEB-PLANTES-ET-NATURE-p57.jpg\"><img decoding=\"async\" loading=\"lazy\" class=\"aligncenter size-full wp-image-175\" src=\"http:\/\/arbresvenerables.arborethic.com\/blog\/wp-content\/uploads\/2016\/12\/WEB-PLANTES-ET-NATURE-p57.jpg\" alt=\"\" width=\"600\" height=\"895\" srcset=\"https:\/\/arbresvenerables.arborethic.com\/blog\/wp-content\/uploads\/2016\/12\/WEB-PLANTES-ET-NATURE-p57.jpg 600w, https:\/\/arbresvenerables.arborethic.com\/blog\/wp-content\/uploads\/2016\/12\/WEB-PLANTES-ET-NATURE-p57-201x300.jpg 201w\" sizes=\"(max-width: 600px) 100vw, 600px\" \/><\/a><\/p>\n<p align=\"center\"><strong>Ann\u00e9es pr\u00e9c\u00e9dentes&#8230;<\/strong><\/p>\n<p align=\"center\"><strong>Chine &#8211; Japon<\/strong><\/p>\n<p align=\"center\"><a href=\"http:\/\/arbresvenerables.arborethic.com\/blog\/wp-content\/uploads\/2016\/12\/WEB-CHINE-ARTICLE-Journal-K.jpg\"><img decoding=\"async\" loading=\"lazy\" class=\"aligncenter size-large wp-image-161\" src=\"http:\/\/arbresvenerables.arborethic.com\/blog\/wp-content\/uploads\/2016\/12\/WEB-CHINE-ARTICLE-Journal-K-683x1024.jpg\" alt=\"\" width=\"683\" height=\"1024\" srcset=\"https:\/\/arbresvenerables.arborethic.com\/blog\/wp-content\/uploads\/2016\/12\/WEB-CHINE-ARTICLE-Journal-K-683x1024.jpg 683w, https:\/\/arbresvenerables.arborethic.com\/blog\/wp-content\/uploads\/2016\/12\/WEB-CHINE-ARTICLE-Journal-K-200x300.jpg 200w, https:\/\/arbresvenerables.arborethic.com\/blog\/wp-content\/uploads\/2016\/12\/WEB-CHINE-ARTICLE-Journal-K-768x1151.jpg 768w, https:\/\/arbresvenerables.arborethic.com\/blog\/wp-content\/uploads\/2016\/12\/WEB-CHINE-ARTICLE-Journal-K.jpg 788w\" sizes=\"(max-width: 683px) 100vw, 683px\" \/><\/a><\/p>\n<p align=\"center\">\n<p align=\"center\"><a href=\"http:\/\/arbresvenerables.arborethic.com\/blog\/wp-content\/uploads\/2016\/12\/WEB-Japan-Times.jpg\"><img decoding=\"async\" loading=\"lazy\" class=\"aligncenter size-large wp-image-163\" src=\"http:\/\/arbresvenerables.arborethic.com\/blog\/wp-content\/uploads\/2016\/12\/WEB-Japan-Times-574x1024.jpg\" alt=\"\" width=\"574\" height=\"1024\" srcset=\"https:\/\/arbresvenerables.arborethic.com\/blog\/wp-content\/uploads\/2016\/12\/WEB-Japan-Times-574x1024.jpg 574w, https:\/\/arbresvenerables.arborethic.com\/blog\/wp-content\/uploads\/2016\/12\/WEB-Japan-Times-168x300.jpg 168w, https:\/\/arbresvenerables.arborethic.com\/blog\/wp-content\/uploads\/2016\/12\/WEB-Japan-Times-768x1370.jpg 768w, https:\/\/arbresvenerables.arborethic.com\/blog\/wp-content\/uploads\/2016\/12\/WEB-Japan-Times.jpg 850w\" sizes=\"(max-width: 574px) 100vw, 574px\" \/><\/a><\/p>\n<p align=\"center\">\n<p align=\"center\"><a href=\"http:\/\/arbresvenerables.arborethic.com\/blog\/wp-content\/uploads\/2016\/12\/WEB-Kagoshima-shimbun-2001.jpg\"><img decoding=\"async\" loading=\"lazy\" class=\"aligncenter size-large wp-image-165\" src=\"http:\/\/arbresvenerables.arborethic.com\/blog\/wp-content\/uploads\/2016\/12\/WEB-Kagoshima-shimbun-2001-741x1024.jpg\" alt=\"\" width=\"741\" height=\"1024\" srcset=\"https:\/\/arbresvenerables.arborethic.com\/blog\/wp-content\/uploads\/2016\/12\/WEB-Kagoshima-shimbun-2001-741x1024.jpg 741w, https:\/\/arbresvenerables.arborethic.com\/blog\/wp-content\/uploads\/2016\/12\/WEB-Kagoshima-shimbun-2001-217x300.jpg 217w, https:\/\/arbresvenerables.arborethic.com\/blog\/wp-content\/uploads\/2016\/12\/WEB-Kagoshima-shimbun-2001-768x1061.jpg 768w, https:\/\/arbresvenerables.arborethic.com\/blog\/wp-content\/uploads\/2016\/12\/WEB-Kagoshima-shimbun-2001.jpg 1100w\" sizes=\"(max-width: 741px) 100vw, 741px\" \/><\/a><\/p>\n<p align=\"center\">\n<p align=\"center\"><a href=\"http:\/\/arbresvenerables.arborethic.com\/blog\/wp-content\/uploads\/2016\/12\/WEB-Kyoto-Shimbun-2001.jpg\"><img decoding=\"async\" loading=\"lazy\" class=\"aligncenter size-large wp-image-167\" src=\"http:\/\/arbresvenerables.arborethic.com\/blog\/wp-content\/uploads\/2016\/12\/WEB-Kyoto-Shimbun-2001-1024x721.jpg\" alt=\"\" width=\"1024\" height=\"721\" srcset=\"https:\/\/arbresvenerables.arborethic.com\/blog\/wp-content\/uploads\/2016\/12\/WEB-Kyoto-Shimbun-2001-1024x721.jpg 1024w, https:\/\/arbresvenerables.arborethic.com\/blog\/wp-content\/uploads\/2016\/12\/WEB-Kyoto-Shimbun-2001-300x211.jpg 300w, https:\/\/arbresvenerables.arborethic.com\/blog\/wp-content\/uploads\/2016\/12\/WEB-Kyoto-Shimbun-2001-768x541.jpg 768w, https:\/\/arbresvenerables.arborethic.com\/blog\/wp-content\/uploads\/2016\/12\/WEB-Kyoto-Shimbun-2001.jpg 1560w\" sizes=\"(max-width: 1024px) 100vw, 1024px\" \/><\/a><\/p>\n<p align=\"center\">\n<p align=\"center\"><a href=\"http:\/\/arbresvenerables.arborethic.com\/blog\/wp-content\/uploads\/2016\/12\/WEB-Kyoto-Journal-2001.jpg\"><img decoding=\"async\" loading=\"lazy\" class=\"aligncenter size-large wp-image-166\" src=\"http:\/\/arbresvenerables.arborethic.com\/blog\/wp-content\/uploads\/2016\/12\/WEB-Kyoto-Journal-2001-1024x643.jpg\" alt=\"\" width=\"1024\" height=\"643\" srcset=\"https:\/\/arbresvenerables.arborethic.com\/blog\/wp-content\/uploads\/2016\/12\/WEB-Kyoto-Journal-2001-1024x643.jpg 1024w, https:\/\/arbresvenerables.arborethic.com\/blog\/wp-content\/uploads\/2016\/12\/WEB-Kyoto-Journal-2001-300x188.jpg 300w, https:\/\/arbresvenerables.arborethic.com\/blog\/wp-content\/uploads\/2016\/12\/WEB-Kyoto-Journal-2001-768x482.jpg 768w, https:\/\/arbresvenerables.arborethic.com\/blog\/wp-content\/uploads\/2016\/12\/WEB-Kyoto-Journal-2001.jpg 1573w\" sizes=\"(max-width: 1024px) 100vw, 1024px\" \/><\/a><\/p>\n<p style=\"text-align: center;\">\n<p>&nbsp;<\/p>\n<p align=\"center\"><strong>Suisse &#8211; France<\/strong><\/p>\n<p><a href=\"http:\/\/arbresvenerables.arborethic.com\/blog\/wp-content\/uploads\/2016\/12\/WEB-Article-Le-Matin-quotie.jpg\"><img decoding=\"async\" loading=\"lazy\" class=\"aligncenter size-full wp-image-154\" src=\"http:\/\/arbresvenerables.arborethic.com\/blog\/wp-content\/uploads\/2016\/12\/WEB-Article-Le-Matin-quotie.jpg\" alt=\"\" width=\"1016\" height=\"996\" srcset=\"https:\/\/arbresvenerables.arborethic.com\/blog\/wp-content\/uploads\/2016\/12\/WEB-Article-Le-Matin-quotie.jpg 1016w, https:\/\/arbresvenerables.arborethic.com\/blog\/wp-content\/uploads\/2016\/12\/WEB-Article-Le-Matin-quotie-300x294.jpg 300w, https:\/\/arbresvenerables.arborethic.com\/blog\/wp-content\/uploads\/2016\/12\/WEB-Article-Le-Matin-quotie-768x753.jpg 768w\" sizes=\"(max-width: 1016px) 100vw, 1016px\" \/><\/a><\/p>\n<p>&nbsp;<\/p>\n<p><a href=\"http:\/\/arbresvenerables.arborethic.com\/blog\/wp-content\/uploads\/2016\/12\/WEB-article-Nice-Matin-26-A.jpg\"><img decoding=\"async\" loading=\"lazy\" class=\"aligncenter size-full wp-image-155\" src=\"http:\/\/arbresvenerables.arborethic.com\/blog\/wp-content\/uploads\/2016\/12\/WEB-article-Nice-Matin-26-A.jpg\" alt=\"\" width=\"1012\" height=\"787\" srcset=\"https:\/\/arbresvenerables.arborethic.com\/blog\/wp-content\/uploads\/2016\/12\/WEB-article-Nice-Matin-26-A.jpg 1012w, https:\/\/arbresvenerables.arborethic.com\/blog\/wp-content\/uploads\/2016\/12\/WEB-article-Nice-Matin-26-A-300x233.jpg 300w, https:\/\/arbresvenerables.arborethic.com\/blog\/wp-content\/uploads\/2016\/12\/WEB-article-Nice-Matin-26-A-768x597.jpg 768w\" sizes=\"(max-width: 1012px) 100vw, 1012px\" \/><\/a><\/p>\n<p>&nbsp;<\/p>\n<p><a href=\"http:\/\/arbresvenerables.arborethic.com\/blog\/wp-content\/uploads\/2016\/12\/WEB-Article-Saline-Royale-F.jpg\"><img decoding=\"async\" loading=\"lazy\" class=\"aligncenter size-large wp-image-157\" src=\"http:\/\/arbresvenerables.arborethic.com\/blog\/wp-content\/uploads\/2016\/12\/WEB-Article-Saline-Royale-F-463x1024.jpg\" alt=\"\" width=\"463\" height=\"1024\" srcset=\"https:\/\/arbresvenerables.arborethic.com\/blog\/wp-content\/uploads\/2016\/12\/WEB-Article-Saline-Royale-F-463x1024.jpg 463w, https:\/\/arbresvenerables.arborethic.com\/blog\/wp-content\/uploads\/2016\/12\/WEB-Article-Saline-Royale-F-136x300.jpg 136w, https:\/\/arbresvenerables.arborethic.com\/blog\/wp-content\/uploads\/2016\/12\/WEB-Article-Saline-Royale-F.jpg 702w\" sizes=\"(max-width: 463px) 100vw, 463px\" \/><\/a><\/p>\n<p>&nbsp;<\/p>\n<p><a href=\"http:\/\/arbresvenerables.arborethic.com\/blog\/wp-content\/uploads\/2016\/12\/WEB-OUEST-FRANCE.jpg\"><img decoding=\"async\" loading=\"lazy\" class=\"aligncenter size-large wp-image-168\" src=\"http:\/\/arbresvenerables.arborethic.com\/blog\/wp-content\/uploads\/2016\/12\/WEB-OUEST-FRANCE-735x1024.jpg\" alt=\"\" width=\"735\" height=\"1024\" srcset=\"https:\/\/arbresvenerables.arborethic.com\/blog\/wp-content\/uploads\/2016\/12\/WEB-OUEST-FRANCE-735x1024.jpg 735w, https:\/\/arbresvenerables.arborethic.com\/blog\/wp-content\/uploads\/2016\/12\/WEB-OUEST-FRANCE-215x300.jpg 215w, https:\/\/arbresvenerables.arborethic.com\/blog\/wp-content\/uploads\/2016\/12\/WEB-OUEST-FRANCE-768x1071.jpg 768w, https:\/\/arbresvenerables.arborethic.com\/blog\/wp-content\/uploads\/2016\/12\/WEB-OUEST-FRANCE.jpg 1104w\" sizes=\"(max-width: 735px) 100vw, 735px\" \/><\/a><\/p>\n<p>&nbsp;<\/p>\n<p><a href=\"http:\/\/arbresvenerables.arborethic.com\/blog\/wp-content\/uploads\/2016\/12\/WEB-Ouest-France-2.jpg\"><img decoding=\"async\" loading=\"lazy\" class=\"aligncenter size-large wp-image-169\" src=\"http:\/\/arbresvenerables.arborethic.com\/blog\/wp-content\/uploads\/2016\/12\/WEB-Ouest-France-2-655x1024.jpg\" alt=\"\" width=\"655\" height=\"1024\" srcset=\"https:\/\/arbresvenerables.arborethic.com\/blog\/wp-content\/uploads\/2016\/12\/WEB-Ouest-France-2-655x1024.jpg 655w, https:\/\/arbresvenerables.arborethic.com\/blog\/wp-content\/uploads\/2016\/12\/WEB-Ouest-France-2-192x300.jpg 192w, https:\/\/arbresvenerables.arborethic.com\/blog\/wp-content\/uploads\/2016\/12\/WEB-Ouest-France-2-768x1201.jpg 768w, https:\/\/arbresvenerables.arborethic.com\/blog\/wp-content\/uploads\/2016\/12\/WEB-Ouest-France-2.jpg 964w\" sizes=\"(max-width: 655px) 100vw, 655px\" \/><\/a><\/p>\n<p>&nbsp;<\/p>\n<p><a href=\"http:\/\/arbresvenerables.arborethic.com\/blog\/wp-content\/uploads\/2016\/12\/WEB-Telegramme.jpg\"><img decoding=\"async\" loading=\"lazy\" class=\"aligncenter size-large wp-image-182\" src=\"http:\/\/arbresvenerables.arborethic.com\/blog\/wp-content\/uploads\/2016\/12\/WEB-Telegramme-743x1024.jpg\" alt=\"\" width=\"743\" height=\"1024\" srcset=\"https:\/\/arbresvenerables.arborethic.com\/blog\/wp-content\/uploads\/2016\/12\/WEB-Telegramme-743x1024.jpg 743w, https:\/\/arbresvenerables.arborethic.com\/blog\/wp-content\/uploads\/2016\/12\/WEB-Telegramme-218x300.jpg 218w, https:\/\/arbresvenerables.arborethic.com\/blog\/wp-content\/uploads\/2016\/12\/WEB-Telegramme-768x1058.jpg 768w, https:\/\/arbresvenerables.arborethic.com\/blog\/wp-content\/uploads\/2016\/12\/WEB-Telegramme.jpg 1112w\" sizes=\"(max-width: 743px) 100vw, 743px\" \/><\/a><\/p>\n<p>&nbsp;<\/p>\n<p align=\"center\"><strong>Allemagne<\/strong><\/p>\n<p align=\"center\">\u00a0<a href=\"http:\/\/arbresvenerables.arborethic.com\/blog\/wp-content\/uploads\/2016\/12\/WEB-Article-Gustrow-Allemag.jpg\"><img decoding=\"async\" loading=\"lazy\" class=\"aligncenter size-large wp-image-153\" src=\"http:\/\/arbresvenerables.arborethic.com\/blog\/wp-content\/uploads\/2016\/12\/WEB-Article-Gustrow-Allemag-1024x650.jpg\" alt=\"\" width=\"1024\" height=\"650\" srcset=\"https:\/\/arbresvenerables.arborethic.com\/blog\/wp-content\/uploads\/2016\/12\/WEB-Article-Gustrow-Allemag-1024x650.jpg 1024w, https:\/\/arbresvenerables.arborethic.com\/blog\/wp-content\/uploads\/2016\/12\/WEB-Article-Gustrow-Allemag-300x191.jpg 300w, https:\/\/arbresvenerables.arborethic.com\/blog\/wp-content\/uploads\/2016\/12\/WEB-Article-Gustrow-Allemag-768x488.jpg 768w, https:\/\/arbresvenerables.arborethic.com\/blog\/wp-content\/uploads\/2016\/12\/WEB-Article-Gustrow-Allemag.jpg 1200w\" sizes=\"(max-width: 1024px) 100vw, 1024px\" \/><\/a><\/p>\n<p align=\"center\">\n<p align=\"center\"><a href=\"http:\/\/arbresvenerables.arborethic.com\/blog\/wp-content\/uploads\/2016\/12\/WEB-Article-Oberbacher-info.jpg\"><img decoding=\"async\" loading=\"lazy\" class=\"aligncenter size-large wp-image-156\" src=\"http:\/\/arbresvenerables.arborethic.com\/blog\/wp-content\/uploads\/2016\/12\/WEB-Article-Oberbacher-info-1024x815.jpg\" alt=\"\" width=\"1024\" height=\"815\" srcset=\"https:\/\/arbresvenerables.arborethic.com\/blog\/wp-content\/uploads\/2016\/12\/WEB-Article-Oberbacher-info-1024x815.jpg 1024w, https:\/\/arbresvenerables.arborethic.com\/blog\/wp-content\/uploads\/2016\/12\/WEB-Article-Oberbacher-info-300x239.jpg 300w, https:\/\/arbresvenerables.arborethic.com\/blog\/wp-content\/uploads\/2016\/12\/WEB-Article-Oberbacher-info-768x611.jpg 768w, https:\/\/arbresvenerables.arborethic.com\/blog\/wp-content\/uploads\/2016\/12\/WEB-Article-Oberbacher-info.jpg 1412w\" sizes=\"(max-width: 1024px) 100vw, 1024px\" \/><\/a><\/p>\n<p>&nbsp;<\/p>\n<p align=\"center\"><strong>USA<\/strong><\/p>\n<p align=\"center\"><a href=\"http:\/\/arbresvenerables.arborethic.com\/blog\/wp-content\/uploads\/2016\/12\/WEB-Article-The-Oregonian-U.jpg\"><img decoding=\"async\" loading=\"lazy\" class=\"aligncenter size-large wp-image-158\" src=\"http:\/\/arbresvenerables.arborethic.com\/blog\/wp-content\/uploads\/2016\/12\/WEB-Article-The-Oregonian-U-1024x696.jpg\" alt=\"\" width=\"1024\" height=\"696\" srcset=\"https:\/\/arbresvenerables.arborethic.com\/blog\/wp-content\/uploads\/2016\/12\/WEB-Article-The-Oregonian-U-1024x696.jpg 1024w, https:\/\/arbresvenerables.arborethic.com\/blog\/wp-content\/uploads\/2016\/12\/WEB-Article-The-Oregonian-U-300x204.jpg 300w, https:\/\/arbresvenerables.arborethic.com\/blog\/wp-content\/uploads\/2016\/12\/WEB-Article-The-Oregonian-U-768x522.jpg 768w, https:\/\/arbresvenerables.arborethic.com\/blog\/wp-content\/uploads\/2016\/12\/WEB-Article-The-Oregonian-U.jpg 1500w\" sizes=\"(max-width: 1024px) 100vw, 1024px\" \/><\/a><\/p>\n<p align=\"center\"><strong>Nouvelle Z\u00e9lande<\/strong><\/p>\n<p align=\"center\">\u00a0 <a href=\"http:\/\/arbresvenerables.arborethic.com\/blog\/wp-content\/uploads\/2016\/12\/WEB-The-New-Zealand-Herald.jpg\"><img decoding=\"async\" loading=\"lazy\" class=\"aligncenter size-large wp-image-183\" src=\"http:\/\/arbresvenerables.arborethic.com\/blog\/wp-content\/uploads\/2016\/12\/WEB-The-New-Zealand-Herald-1024x782.jpg\" alt=\"\" width=\"1024\" height=\"782\" srcset=\"https:\/\/arbresvenerables.arborethic.com\/blog\/wp-content\/uploads\/2016\/12\/WEB-The-New-Zealand-Herald-1024x782.jpg 1024w, https:\/\/arbresvenerables.arborethic.com\/blog\/wp-content\/uploads\/2016\/12\/WEB-The-New-Zealand-Herald-300x229.jpg 300w, https:\/\/arbresvenerables.arborethic.com\/blog\/wp-content\/uploads\/2016\/12\/WEB-The-New-Zealand-Herald-768x586.jpg 768w, https:\/\/arbresvenerables.arborethic.com\/blog\/wp-content\/uploads\/2016\/12\/WEB-The-New-Zealand-Herald-80x60.jpg 80w, https:\/\/arbresvenerables.arborethic.com\/blog\/wp-content\/uploads\/2016\/12\/WEB-The-New-Zealand-Herald.jpg 1174w\" sizes=\"(max-width: 1024px) 100vw, 1024px\" \/><\/a><\/p>\n","protected":false},"excerpt":{"rendered":"<p>En 2013 EN 2012 \u00a0 J\u00e9r\u00f4me Hutin, photographe-explorateur, est le vice-pr\u00e9sident de l\u2019association Mathusalem qui a pour objet le recensement des plus vieux arbres de Dordogne. Tout le monde peut y participer. Pour le respect des arbres \u00a0L&rsquo;arbre de gauche est un gros marronnier&#8230;<\/p>\n","protected":false},"author":1,"featured_media":0,"parent":89,"menu_order":0,"comment_status":"closed","ping_status":"closed","template":"","meta":{"_mi_skip_tracking":false,"_monsterinsights_sitenote_active":false,"_monsterinsights_sitenote_note":"","_monsterinsights_sitenote_category":0},"_links":{"self":[{"href":"https:\/\/arbresvenerables.arborethic.com\/blog\/index.php\/wp-json\/wp\/v2\/pages\/123"}],"collection":[{"href":"https:\/\/arbresvenerables.arborethic.com\/blog\/index.php\/wp-json\/wp\/v2\/pages"}],"about":[{"href":"https:\/\/arbresvenerables.arborethic.com\/blog\/index.php\/wp-json\/wp\/v2\/types\/page"}],"author":[{"embeddable":true,"href":"https:\/\/arbresvenerables.arborethic.com\/blog\/index.php\/wp-json\/wp\/v2\/users\/1"}],"replies":[{"embeddable":true,"href":"https:\/\/arbresvenerables.arborethic.com\/blog\/index.php\/wp-json\/wp\/v2\/comments?post=123"}],"version-history":[{"count":8,"href":"https:\/\/arbresvenerables.arborethic.com\/blog\/index.php\/wp-json\/wp\/v2\/pages\/123\/revisions"}],"predecessor-version":[{"id":225,"href":"https:\/\/arbresvenerables.arborethic.com\/blog\/index.php\/wp-json\/wp\/v2\/pages\/123\/revisions\/225"}],"up":[{"embeddable":true,"href":"https:\/\/arbresvenerables.arborethic.com\/blog\/index.php\/wp-json\/wp\/v2\/pages\/89"}],"wp:attachment":[{"href":"https:\/\/arbresvenerables.arborethic.com\/blog\/index.php\/wp-json\/wp\/v2\/media?parent=123"}],"curies":[{"name":"wp","href":"https:\/\/api.w.org\/{rel}","templated":true}]}}